{"id":3,"date":"2023-12-14T18:05:33","date_gmt":"2023-12-14T18:05:33","guid":{"rendered":"http:\/\/68.183.56.66\/?page_id=3"},"modified":"2025-11-12T17:58:15","modified_gmt":"2025-11-12T17:58:15","slug":"privacy","status":"publish","type":"page","link":"https:\/\/clarifyou.com\/tr\/privacy\/","title":{"rendered":"Clarif You Gizlilik Politikas\u0131"},"content":{"rendered":"<div class=\"mx-5 sm:mx-0 prose leading-relaxed text-lg mb-5 text-left wp-paragraph\">\n<p>12 Kas\u0131m 2025 tarihinde g\u00fcncellendi.<\/p>\n<\/div><!--advertisement--><div class=\"mx-5 sm:mx-0 sm:text-3xl text-2xl font-medium title-font mb-4 text-gray-900 text-left\">\n<h2 class=\"wp-block-heading\">Giri\u015f ve Genel Bak\u0131\u015f<\/h2>\n<\/div><div class=\"mx-5 sm:mx-0 prose leading-relaxed text-lg mb-5 text-left wp-paragraph\">\n<p>Clarifyou, tamamen sigorta, poli\u00e7e anlay\u0131\u015f\u0131 ve finansal koruma se\u00e7eneklerine odaklanan, eri\u015filebilir ve ara\u015ft\u0131rmaya dayal\u0131 i\u00e7erikler sunan ba\u011f\u0131ms\u0131z bir platformdur. Web sitemiz arac\u0131l\u0131\u011f\u0131yla<a style=\" color:;\" href=\"https:\/\/clarifyou.com\/tr\/\"> https:\/\/clarifyou.com\/<\/a>, sa\u011fl\u0131k planlar\u0131n\u0131 ara\u015ft\u0131r\u0131yor, hayat sigortas\u0131n\u0131 inceliyor veya ara\u00e7 ve ev poli\u00e7elerini kar\u015f\u0131la\u015ft\u0131r\u0131yor olun, sigorta se\u00e7eneklerinizi anlaman\u0131za yard\u0131mc\u0131 olmak i\u00e7in tasarlanm\u0131\u015f ayr\u0131nt\u0131l\u0131 k\u0131lavuzlar, zaman kazand\u0131ran ipu\u00e7lar\u0131 ve net talimatlar bulacaks\u0131n\u0131z.<\/p>\n<\/div><div class=\"mx-5 sm:mx-0 prose leading-relaxed text-lg mb-5 text-left wp-paragraph\">\n<p>Amac\u0131m\u0131z, sigorta bilgisini eri\u015filebilir ve ger\u00e7ekten faydal\u0131 hale getirmektir. \u0130ster teminatlar\u0131 ilk kez \u00f6\u011freniyor olun, ister mevcut koruman\u0131z\u0131 geli\u015ftiriyor olun, Clarifyou se\u00e7eneklerinizi etkili bir \u015fekilde kar\u015f\u0131la\u015ft\u0131rman\u0131za, de\u011ferlendirmenize ve y\u00f6netmenize yard\u0131mc\u0131 olacak anla\u015f\u0131l\u0131r a\u00e7\u0131klamalar sunar. Kesintileri ve hasar prosed\u00fcrlerini anlamaktan, sa\u011flay\u0131c\u0131lar\u0131 de\u011ferlendirmeye ve temel teminat \u00f6zelliklerini belirlemeye kadar, g\u00fcnl\u00fck karar verme s\u00fcrecinde pratik \u00f6\u011frenmeyi desteklemek i\u00e7in buraday\u0131z.<\/p>\n<\/div><div class=\"mx-5 sm:mx-0 prose leading-relaxed text-lg mb-5 text-left wp-paragraph\">\n<p>Hi\u00e7bir sigorta \u015firketi, broker, finans kurulu\u015fu veya ticari hizmetle ba\u011flant\u0131m\u0131z yoktur. Sitemizde yay\u0131nlanan her \u015fey bilgilendirmek ve g\u00fc\u00e7lendirmek amac\u0131yla olu\u015fturulmu\u015ftur; tan\u0131t\u0131m ama\u00e7l\u0131 de\u011fildir. \u00d6nerilerimiz yaln\u0131zca kamuya a\u00e7\u0131k bilgilere, do\u011frulanm\u0131\u015f ara\u015ft\u0131rmalara ve ba\u011f\u0131ms\u0131z edit\u00f6ryal incelemelere dayanmaktad\u0131r.<\/p>\n<\/div><!--advertisement--><div class=\"mx-5 sm:mx-0 sm:text-3xl text-2xl font-medium title-font mb-4 text-gray-900 text-left\">\n<h2 class=\"wp-block-heading\">Gizlili\u011finiz \u00d6nemlidir<\/h2>\n<\/div><div class=\"mx-5 sm:mx-0 prose leading-relaxed text-lg mb-5 text-left wp-paragraph\">\n<p>G\u00fcveninize de\u011fer veriyor ve ki\u015fisel verilerinizin \u00f6nemli oldu\u011funu anl\u0131yoruz. Bu Gizlilik Politikas\u0131, Clarifyou&#039;yu ziyaret etti\u011finizde veya onunla etkile\u015fim kurdu\u011funuzda bilgilerinizi nas\u0131l toplad\u0131\u011f\u0131m\u0131z\u0131, saklad\u0131\u011f\u0131m\u0131z\u0131, kulland\u0131\u011f\u0131m\u0131z\u0131 ve korudu\u011fumuzu a\u00e7\u0131klamaktad\u0131r.<\/p>\n<\/div><div class=\"mx-5 sm:mx-0 prose leading-relaxed text-lg mb-5 text-left wp-paragraph\">\n<p>Gizlilik yakla\u015f\u0131m\u0131m\u0131z, \u015feffafl\u0131k ve haklar\u0131n\u0131za sayg\u0131 \u00fczerine kuruludur. Ge\u00e7erli veri koruma yasalar\u0131na uyuyor ve hangi verileri toplad\u0131\u011f\u0131m\u0131z, bunlar\u0131 nas\u0131l i\u015fledi\u011fimiz ve bilgilerinizin kontrol\u00fcn\u00fc her zaman nas\u0131l elinizde tutabilece\u011finiz konusunda tam bir a\u00e7\u0131kl\u0131k sa\u011flamay\u0131 hedefliyoruz.<\/p>\n<\/div><div class=\"mx-5 sm:mx-0 prose leading-relaxed text-lg mb-5 text-left wp-paragraph\">\n<p>Bu politikay\u0131 dikkatlice okuman\u0131z\u0131 \u00f6neririz. Bilgilerinizin nas\u0131l y\u00f6netildi\u011fiyle ilgili herhangi bir sorunuz veya endi\u015feniz varsa, do\u011frudan bizimle ileti\u015fime ge\u00e7ebilirsiniz. <a style=\" color:;\" href=\"https:\/\/clarifyou.com\/tr\/contact\/\">https:\/\/clarifyou.com\/contact<\/a>.&nbsp;<\/p>\n<\/div><!--advertisement--><div class=\"mx-5 sm:mx-0 sm:text-3xl text-2xl font-medium title-font mb-4 text-gray-900 text-left\">\n<h2 class=\"wp-block-heading\">Gizlilik Politikas\u0131n\u0131n Kapsam\u0131<\/h2>\n<\/div><div class=\"mx-5 sm:mx-0 prose leading-relaxed text-lg mb-5 text-left wp-paragraph\">\n<p>Bu politika, a\u015fa\u011f\u0131dakilerin kullan\u0131m\u0131n\u0131z i\u00e7in ge\u00e7erlidir: <a style=\" color:;\" href=\"https:\/\/clarifyou.com\/tr\/\">https:\/\/clarifyou.com<\/a> ve platformumuzda bar\u0131nd\u0131r\u0131lan t\u00fcm i\u00e7erikler, sigorta, finansal okuryazarl\u0131k ve teminat kar\u015f\u0131la\u015ft\u0131rmalar\u0131yla ilgili makalelere, k\u0131lavuzlara, e\u011fitimlere ve i\u00e7g\u00f6r\u00fclere eri\u015fim dahil.<\/p>\n<\/div><div class=\"mx-5 sm:mx-0 prose leading-relaxed text-lg mb-5 text-left wp-paragraph\">\n<p>Evinizi korumak, sa\u011fl\u0131k yard\u0131mlar\u0131n\u0131 incelemek veya seyahat teminat\u0131 se\u00e7eneklerini ara\u015ft\u0131rmak hakk\u0131nda bilgi edinmek istiyorsan\u0131z, bu Gizlilik Politikas\u0131 web sitemizi ziyaretiniz s\u0131ras\u0131nda verilerinizin nas\u0131l topland\u0131\u011f\u0131n\u0131 ve i\u015flendi\u011fini a\u00e7\u0131klamaktad\u0131r.<\/p>\n<\/div><div class=\"mx-5 sm:mx-0 prose leading-relaxed text-lg mb-5 text-left wp-paragraph\">\n<p>L\u00fctfen bu politikan\u0131n yaln\u0131zca Clarifyou i\u00e7in ge\u00e7erli oldu\u011funu unutmay\u0131n. Makalelerimizde bahsi ge\u00e7en \u00fc\u00e7\u00fcnc\u00fc taraf platformlara, resmi sigorta \u015firketlerine veya devlet web sitelerine y\u00f6nlendiren ba\u011flant\u0131lar\u0131 takip ederseniz, bu harici hizmetlerin kendi gizlilik uygulamalar\u0131 vard\u0131r. Platformumuz d\u0131\u015f\u0131nda herhangi bir ki\u015fisel bilgi g\u00f6ndermeden \u00f6nce gizlilik politikalar\u0131n\u0131 incelemenizi \u015fiddetle tavsiye ederiz.<\/p>\n<\/div><!--advertisement--><div class=\"mx-5 sm:mx-0 sm:text-3xl text-2xl font-medium title-font mb-4 text-gray-900 text-left\">\n<h2 class=\"wp-block-heading\">Onay<\/h2>\n<\/div><div class=\"mx-5 sm:mx-0 prose leading-relaxed text-lg mb-5 text-left wp-paragraph\">\n<p>Clarifyou&#039;yu kullanarak ve herhangi bir \u00f6zelli\u011fini kullanarak, bu Gizlilik Politikas\u0131nda a\u00e7\u0131klanan uygulamalar\u0131 okudu\u011funuzu, anlad\u0131\u011f\u0131n\u0131z\u0131 ve kabul etti\u011finizi onayl\u0131yorsunuz.<\/p>\n<\/div><div class=\"mx-5 sm:mx-0 prose leading-relaxed text-lg mb-5 text-left wp-paragraph\">\n<p>Makalelerimize eri\u015fmeniz, k\u0131lavuzlar\u0131m\u0131z\u0131 okuman\u0131z veya web sitemizdeki herhangi bir i\u00e7eri\u011fe g\u00f6z atman\u0131z, bu \u015fartlar\u0131 kabul etti\u011finiz anlam\u0131na gelir. Bilgileri toplama veya y\u00f6netme \u015feklimizi kabul etmiyorsan\u0131z, platformu kullanmay\u0131 b\u0131rakman\u0131z\u0131 \u00f6neririz.<\/p>\n<\/div><div class=\"mx-5 sm:mx-0 prose leading-relaxed text-lg mb-5 text-left wp-paragraph\">\n<p>Sitenin kullan\u0131m\u0131na devam etmeniz, veri i\u015fleme politikalar\u0131m\u0131z\u0131 kabul etti\u011finiz anlam\u0131na gelecektir. Okuyucu olarak haklar\u0131n\u0131z ve sorumluluklar\u0131n\u0131z hakk\u0131nda daha fazla bilgi i\u00e7in l\u00fctfen Kullan\u0131m Ko\u015fullar\u0131m\u0131z\u0131 inceleyin.<\/p>\n<\/div><!--advertisement--><div class=\"mx-5 sm:mx-0 sm:text-3xl text-2xl font-medium title-font mb-4 text-gray-900 text-left\">\n<h2 class=\"wp-block-heading\">Yapay Zeka Taraf\u0131ndan \u00dcretilen \u0130\u00e7erik<\/h2>\n<\/div><div class=\"mx-5 sm:mx-0 prose leading-relaxed text-lg mb-5 text-left wp-paragraph\">\n<p>\u0130\u00e7eri\u011fimizin netli\u011fini, do\u011frulu\u011funu ve tutarl\u0131l\u0131\u011f\u0131n\u0131 art\u0131rmak i\u00e7in Clarifyou, edit\u00f6rl\u00fck s\u00fcrecinde yapay zeka tabanl\u0131 ara\u00e7lar\u0131 s\u0131n\u0131rl\u0131 ve destekleyici \u015fekillerde kullanabilir. Bu ara\u00e7lar, makale taslaklar\u0131n\u0131n yap\u0131land\u0131r\u0131lmas\u0131na, okunabilirli\u011fin iyile\u015ftirilmesine ve \u00f6zellikle sigorta terminolojisi, hasar dok\u00fcmantasyonu veya d\u00fczenleyici teminat gereklilikleri gibi teknik konularda dengeli bir \u00fcslubun korunmas\u0131na yard\u0131mc\u0131 olur.<\/p>\n<\/div><div class=\"mx-5 sm:mx-0 prose leading-relaxed text-lg mb-5 text-left wp-paragraph\">\n<p>Ancak yapay zeka, insan girdisinin yerini tutmaz. Sitemizde yay\u0131nlanan her makale, bir insan edit\u00f6r taraf\u0131ndan yaz\u0131l\u0131r, incelenir ve onaylan\u0131r. Ekibimiz, her e\u011fitimin, kar\u015f\u0131la\u015ft\u0131rman\u0131n veya k\u0131lavuzun do\u011fru, pratik ve net sigorta bilgisi arayan ger\u00e7ek d\u00fcnyadaki okuyuculara \u00f6zel olarak haz\u0131rlanmas\u0131n\u0131 sa\u011flar.<\/p>\n<\/div><div class=\"mx-5 sm:mx-0 prose leading-relaxed text-lg mb-5 text-left wp-paragraph\">\n<p>Yapay zekay\u0131 yaln\u0131zca editoryal verimlili\u011fi art\u0131rmak i\u00e7in kullan\u0131yoruz; asla tam makaleler olu\u015fturmak veya hangi konular\u0131n yay\u0131nlanaca\u011f\u0131n\u0131 belirlemek i\u00e7in kullanm\u0131yoruz. T\u00fcm i\u00e7g\u00f6r\u00fcler, \u00f6rnekler ve editoryal kararlar, insan yarg\u0131s\u0131n\u0131, do\u011frulanm\u0131\u015f kaynaklar\u0131 ve faydal\u0131, okuyucu odakl\u0131 i\u00e7erik sa\u011flama konusundaki g\u00fc\u00e7l\u00fc ba\u011fl\u0131l\u0131\u011f\u0131m\u0131z\u0131 yans\u0131tmaktad\u0131r.<\/p>\n<\/div><div class=\"mx-5 sm:mx-0 prose leading-relaxed text-lg mb-5 text-left wp-paragraph\">\n<p>Yapay zeka ara\u00e7lar\u0131n\u0131 nas\u0131l kulland\u0131\u011f\u0131m\u0131z\u0131 merak ediyorsan\u0131z veya editoryal s\u00fcrecimiz hakk\u0131nda daha fazla bilgi edinmek istiyorsan\u0131z, bize ula\u015fmaktan \u00e7ekinmeyin. <a style=\" color:;\" href=\"https:\/\/clarifyou.com\/tr\/\">https:\/\/clarifyou.com<\/a>Clarifyou&#039;da teknolojiyi sorumlu ve \u015feffaf bir \u015fekilde kullan\u0131yoruz; okuma deneyiminizin merkezinde her zaman g\u00fcven, do\u011fruluk ve a\u00e7\u0131kl\u0131k bulunuyor.<\/p>\n<\/div><!--advertisement--><div class=\"mx-5 sm:mx-0 sm:text-3xl text-2xl font-medium title-font mb-4 text-gray-900 text-left\">\n<h2 class=\"wp-block-heading\">I. Veri Toplama Uygulamalar\u0131<\/h2>\n<\/div><div class=\"mx-5 sm:mx-0 prose leading-relaxed text-lg mb-5 text-left wp-paragraph\">\n<p>Clarifyou olarak, verileri i\u015flerken sorumlu ve \u015feffaf bir yakla\u015f\u0131m benimsiyoruz. Platform performans\u0131n\u0131 iyile\u015ftirmek, kullan\u0131c\u0131 eri\u015fimini korumak ve ilgili \u00f6zellikler sunmak i\u00e7in belirli bilgileri topluyoruz. Bu veriler \u00fc\u00e7 ana kaynaktan gelir: bizimle payla\u015ft\u0131\u011f\u0131n\u0131z bilgiler, cihaz\u0131n\u0131zdan otomatik olarak toplanan veriler ve g\u00fcvenilir \u00fc\u00e7\u00fcnc\u00fc taraf hizmetlerinden gelen s\u0131n\u0131rl\u0131 girdiler.<\/p>\n<\/div><div class=\"mx-5 sm:mx-0 prose leading-relaxed text-lg mb-5 text-left wp-paragraph\">\n<p><strong>A. SA\u011eLADI\u011eINIZ B\u0130LG\u0130LER<\/strong><\/p>\n<\/div><div class=\"mx-5 sm:mx-0 prose leading-relaxed text-lg mb-5 text-left wp-paragraph\">\n<p>Clarifyou&#039;nun \u00e7o\u011fu alan\u0131na ki\u015fisel bilgilerinizi payla\u015fmadan eri\u015febilirsiniz. Ancak abonelikler, bildirimler veya etkile\u015fimli ara\u00e7lar gibi baz\u0131 \u00f6zellikler sizden temel bilgilerinizi vermenizi isteyebilir.<\/p>\n<\/div><div class=\"mx-5 sm:mx-0 prose leading-relaxed text-lg mb-5 text-left wp-paragraph\">\n<p>Bu \u00f6zellikleri kullan\u0131rken ad\u0131n\u0131z, e-posta adresiniz, telefon numaran\u0131z veya genel konumunuz istenebilir. Bu bilgiler, eri\u015fiminizi do\u011frulamam\u0131za, talep edilen g\u00fcncellemeleri sunmam\u0131za veya deneyiminizin baz\u0131 b\u00f6l\u00fcmlerini ki\u015fiselle\u015ftirmemize yard\u0131mc\u0131 olur.<\/p>\n<\/div><div class=\"mx-5 sm:mx-0 prose leading-relaxed text-lg mb-5 text-left wp-paragraph\">\n<p>Destek formumuz arac\u0131l\u0131\u011f\u0131yla bizimle ileti\u015fime ge\u00e7erseniz, anketlere kat\u0131l\u0131rsan\u0131z veya geri bildirimde bulunursan\u0131z, bu bilgileri yaln\u0131zca yan\u0131t vermek veya platformu iyile\u015ftirmek i\u00e7in kullan\u0131r\u0131z. Verdi\u011finiz bilgiler, i\u00e7eri\u011fi ki\u015fiselle\u015ftirmemize ve sorunsuz destek sa\u011flamam\u0131za yard\u0131mc\u0131 olur.<\/p>\n<\/div><div class=\"mx-5 sm:mx-0 prose leading-relaxed text-lg mb-5 text-left wp-paragraph\">\n<p><strong>B. OTOMAT\u0130K OLARAK TOPLANAN B\u0130LG\u0130LER<\/strong><\/p>\n<\/div><div class=\"mx-5 sm:mx-0 prose leading-relaxed text-lg mb-5 text-left wp-paragraph\">\n<p>Clarifyou&#039;da gezinirken, siteyi s\u00fcrd\u00fcrmemize ve iyile\u015ftirmemize yard\u0131mc\u0131 olan teknik verileri otomatik olarak topluyoruz. Bunlara IP adresiniz, taray\u0131c\u0131 t\u00fcr\u00fcn\u00fcz, cihaz bilgileriniz, eri\u015fim saatiniz ve tarihiniz ve sayfalar\u0131m\u0131zda nas\u0131l gezindi\u011finiz dahildir.<\/p>\n<\/div><div class=\"mx-5 sm:mx-0 prose leading-relaxed text-lg mb-5 text-left wp-paragraph\">\n<p>Bu veriler, \u00e7erezler, g\u00fcnl\u00fck dosyalar\u0131 ve web analiti\u011fi gibi ara\u00e7lar arac\u0131l\u0131\u011f\u0131yla toplan\u0131r. Site performans\u0131n\u0131 izlememize, hatalar\u0131 gidermemize ve kullan\u0131c\u0131 davran\u0131\u015flar\u0131n\u0131 anlamam\u0131za olanak tan\u0131r; \u00f6rne\u011fin, hangi makalelerin en \u00e7ok okundu\u011fu veya kullan\u0131c\u0131lar\u0131n belirli sayfalarda ne kadar s\u00fcre kald\u0131\u011f\u0131 gibi.<\/p>\n<\/div><div class=\"mx-5 sm:mx-0 prose leading-relaxed text-lg mb-5 text-left wp-paragraph\">\n<p>Tercihlerinizi hat\u0131rlamak ve deneyiminizi optimize etmek i\u00e7in \u00e7erezler ve web i\u015faret\u00e7ileri kullan\u0131yoruz. \u00d6rne\u011fin, bu ara\u00e7lar yak\u0131n zamanda g\u00f6r\u00fcnt\u00fcledi\u011finiz i\u00e7eriklere benzer i\u00e7erikleri g\u00f6r\u00fcnt\u00fclememize veya farkl\u0131 taray\u0131c\u0131lardaki performans\u0131 izlememize yard\u0131mc\u0131 olabilir.<\/p>\n<\/div><div class=\"mx-5 sm:mx-0 prose leading-relaxed text-lg mb-5 text-left wp-paragraph\">\n<p>\u00c7erezleri istedi\u011finiz zaman taray\u0131c\u0131 ayarlar\u0131n\u0131z \u00fczerinden y\u00f6netebilir veya devre d\u0131\u015f\u0131 b\u0131rakabilirsiniz. Bunu yapman\u0131n baz\u0131 \u00f6zelliklerin \u00e7al\u0131\u015fma \u015feklini etkileyebilece\u011fini l\u00fctfen unutmay\u0131n. Bu ayarlar\u0131 de\u011fi\u015ftirmeden sitemizi kullanmaya devam ederek, \u00e7erezleri a\u00e7\u0131kland\u0131\u011f\u0131 \u015fekilde kullanmam\u0131za izin vermi\u015f olursunuz.<\/p>\n<\/div><div class=\"mx-5 sm:mx-0 prose leading-relaxed text-lg mb-5 text-left wp-paragraph\">\n<p><strong>C. \u00dc\u00c7\u00dcNC\u00dc TARAFLARDAN B\u0130LG\u0130LER<\/strong><\/p>\n<\/div><div class=\"mx-5 sm:mx-0 prose leading-relaxed text-lg mb-5 text-left wp-paragraph\">\n<p>\u0130\u00e7erik ve platform operasyonlar\u0131m\u0131z\u0131 desteklemek i\u00e7in harici reklam ve analiz sa\u011flay\u0131c\u0131lar\u0131yla ortakl\u0131k kurabiliriz. Bu \u00fc\u00e7\u00fcnc\u00fc taraflar, taray\u0131c\u0131 t\u00fcr\u00fcn\u00fcz, ziyaret saatiniz, genel konumunuz veya reklam etkile\u015fimleriniz gibi anonimle\u015ftirilmi\u015f verileri toplamak i\u00e7in sayfalar\u0131m\u0131zda \u00e7erezler veya pikseller gibi izleme ara\u00e7lar\u0131 kullanabilir.<\/p>\n<\/div><div class=\"mx-5 sm:mx-0 prose leading-relaxed text-lg mb-5 text-left wp-paragraph\">\n<p>Bu, etkile\u015fimi \u00f6l\u00e7memize ve kullan\u0131c\u0131lar i\u00e7in genel olarak alakal\u0131 reklamlar g\u00f6stermemize yard\u0131mc\u0131 olur. Bu teknolojiler sitemizde \u00e7al\u0131\u015f\u0131rken, toplad\u0131klar\u0131 veriler her bir sa\u011flay\u0131c\u0131n\u0131n gizlilik ko\u015fullar\u0131 uyar\u0131nca y\u00f6netilir.<\/p>\n<\/div><div class=\"mx-5 sm:mx-0 prose leading-relaxed text-lg mb-5 text-left wp-paragraph\">\n<p>Ki\u015fisel bilgilerinizi do\u011frudan reklam verenlerle payla\u015fm\u0131yoruz ve verilerin topland\u0131ktan sonra nas\u0131l i\u015flendi\u011fini de kontrol etmiyoruz. Bir reklama t\u0131klaman\u0131z, sizinle herhangi bir d\u0131\u015f taraf aras\u0131nda bir ili\u015fki olu\u015fturmaz.<\/p>\n<\/div><div class=\"mx-5 sm:mx-0 prose leading-relaxed text-lg mb-5 text-left wp-paragraph\">\n<p>Google gibi baz\u0131 i\u015f ortaklar\u0131, ilgi alan\u0131na dayal\u0131 reklamlar g\u00f6stermek i\u00e7in \u00e7erez kullanabilir. Bunlar\u0131 devre d\u0131\u015f\u0131 b\u0131rakmak isterseniz, reklam tercihlerinizi Google hesab\u0131n\u0131z \u00fczerinden g\u00fcncelleyebilir veya daha fazla bilgi i\u00e7in resmi gizlilik politikalar\u0131n\u0131 inceleyebilirsiniz.<\/p>\n<\/div><div class=\"mx-5 sm:mx-0 prose leading-relaxed text-lg mb-5 text-left wp-paragraph\">\n<p>Verilerinizin sitemizde ba\u011flant\u0131s\u0131 verilen \u00fc\u00e7\u00fcnc\u00fc taraf ara\u00e7lar taraf\u0131ndan nas\u0131l kullan\u0131labilece\u011fini daha iyi anlamak i\u00e7in, her sa\u011flay\u0131c\u0131n\u0131n gizlilik politikas\u0131n\u0131 incelemenizi \u00f6neririz. Bu Gizlilik Politikas\u0131 yaln\u0131zca Clarifyou arac\u0131l\u0131\u011f\u0131yla toplanan veriler i\u00e7in ge\u00e7erlidir ve harici hizmetleri kapsamaz.<\/p>\n<\/div><!--advertisement--><div class=\"mx-5 sm:mx-0 sm:text-3xl text-2xl font-medium title-font mb-4 text-gray-900 text-left\">\n<h2 class=\"wp-block-heading\">II. SMS Bildirimleri ve Kullan\u0131c\u0131 Onay\u0131<\/h2>\n<\/div><div class=\"mx-5 sm:mx-0 prose leading-relaxed text-lg mb-5 text-left wp-paragraph\">\n<p><strong>A. ONAY YETK\u0130S\u0130<\/strong><\/p>\n<\/div><div class=\"mx-5 sm:mx-0 prose leading-relaxed text-lg mb-5 text-left wp-paragraph\">\n<p>Clarifyou, Telefon T\u00fcketiciyi Koruma Yasas\u0131 (TCPA) ve di\u011fer ge\u00e7erli t\u00fcketici gizlili\u011fi d\u00fczenlemeleri de dahil olmak \u00fczere ABD yasalar\u0131na uygun olarak sorumlu ve \u015feffaf ileti\u015fime kendini adam\u0131\u015ft\u0131r.<\/p>\n<\/div><div class=\"mx-5 sm:mx-0 prose leading-relaxed text-lg mb-5 text-left wp-paragraph\">\n<p>Web sitemizdeki bir form, test veya etkile\u015fimli \u00f6zellik arac\u0131l\u0131\u011f\u0131yla telefon numaran\u0131z\u0131 g\u00f6n\u00fcll\u00fc olarak verirseniz, Clarifyou&#039;dan SMS g\u00fcncellemeleri alma se\u00e7ene\u011fi sunulabilir. Bu t\u00fcr davetler, a\u00e7\u0131k bir dil ve onay\u0131n\u0131z\u0131 onaylamak i\u00e7in bir onay kutusu veya benzeri bir y\u00f6ntem i\u00e7erecektir. Kaydolmay\u0131 kabul etmeden \u00f6nce, ne t\u00fcr mesajlar alabilece\u011finizi her zaman a\u00e7\u0131klayaca\u011f\u0131z.<\/p>\n<\/div><div class=\"mx-5 sm:mx-0 prose leading-relaxed text-lg mb-5 text-left wp-paragraph\">\n<p>Kat\u0131lmay\u0131 se\u00e7erek, Clarifyou&#039;nun verdi\u011finiz numaraya ara s\u0131ra SMS mesajlar\u0131 g\u00f6ndermesine izin vermi\u015f olursunuz. Bu mesajlar, platformla ilgili g\u00fcncellemeler, ilgili hizmet uyar\u0131lar\u0131 veya editoryal tekliflerimizle ilgili tan\u0131t\u0131m i\u00e7erikleri i\u00e7erebilir. Kat\u0131l\u0131m tamamen iste\u011fe ba\u011fl\u0131d\u0131r. Web sitemizin herhangi bir b\u00f6l\u00fcm\u00fcne eri\u015fmek veya kullanmak i\u00e7in telefon numaran\u0131z\u0131 vermeniz veya SMS ileti\u015fimleri almay\u0131 kabul etmeniz gerekmez.<\/p>\n<\/div><div class=\"mx-5 sm:mx-0 prose leading-relaxed text-lg mb-5 text-left wp-paragraph\">\n<p><strong>B. SMS MESAJLARINDAN \u00c7IKMA<\/strong><\/p>\n<\/div><div class=\"mx-5 sm:mx-0 prose leading-relaxed text-lg mb-5 text-left wp-paragraph\">\n<p>SMS mesajlar\u0131ndan istedi\u011finiz zaman \u00e7\u0131kabilirsiniz. Aboneli\u011finizi iptal etmek i\u00e7in, herhangi bir mesaja &quot;DUR&quot; yazarak yan\u0131t vermeniz yeterlidir. Mesaj\u0131n\u0131z bize ula\u015ft\u0131\u011f\u0131nda, numaran\u0131z\u0131 mesajla\u015fma listemizden derhal kald\u0131raca\u011f\u0131z.<\/p>\n<\/div><div class=\"mx-5 sm:mx-0 prose leading-relaxed text-lg mb-5 text-left wp-paragraph\">\n<p>\u0130leti\u015fim tercihlerinizi ba\u015fka bir y\u00f6ntemle g\u00fcncellemeyi tercih ederseniz, do\u011frudan bizimle ileti\u015fime ge\u00e7ebilirsiniz. <a style=\" color:;\" href=\"https:\/\/clarifyou.com\/tr\/contact\/\">https:\/\/clarifyou.com\/contact<\/a>Ekibimiz talebinize en k\u0131sa s\u00fcrede yan\u0131t verecek ve tercihlerinizin buna g\u00f6re g\u00fcncellenmesini sa\u011flayacakt\u0131r.<\/p>\n<\/div><div class=\"mx-5 sm:mx-0 prose leading-relaxed text-lg mb-5 text-left wp-paragraph\">\n<p>Clarifyou, ileti\u015fim tercihlerinize sayg\u0131 duymay\u0131 taahh\u00fct eder. T\u00fcm etkile\u015fimlerin sayg\u0131l\u0131, izne dayal\u0131 ve ilgili gizlilik ve t\u00fcketici koruma standartlar\u0131yla uyumlu olmas\u0131n\u0131 sa\u011flamak i\u00e7in \u00e7abal\u0131yoruz. Onay\u0131n\u0131z ve istedi\u011finiz zaman geri \u00e7ekebilme hakk\u0131n\u0131z her zaman \u00f6ncelikli olmaya devam edecektir.<\/p>\n<\/div><!--advertisement--><div class=\"mx-5 sm:mx-0 sm:text-3xl text-2xl font-medium title-font mb-4 text-gray-900 text-left\">\n<h2 class=\"wp-block-heading\">III. Toplanan Bilgilerin Amac\u0131 ve Kullan\u0131m\u0131<\/h2>\n<\/div><div class=\"mx-5 sm:mx-0 prose leading-relaxed text-lg mb-5 text-left wp-paragraph\">\n<p>Clarifyou, kullan\u0131c\u0131 verilerini net bir ama\u00e7la toplar: her ziyaret\u00e7i i\u00e7in g\u00fcvenli, i\u015flevsel ve alakal\u0131 bir deneyim yaratmak. Toplad\u0131\u011f\u0131m\u0131z her bilgi t\u00fcr\u00fc, gizlili\u011finize sayg\u0131 duyarak platformumuzu iyile\u015ftirmede, kullan\u0131labilirli\u011fi art\u0131rmada ve g\u00fcvenli bir ortam sa\u011flamada belirli bir rol oynar.<\/p>\n<\/div><div class=\"mx-5 sm:mx-0 prose leading-relaxed text-lg mb-5 text-left wp-paragraph\">\n<p><strong>3.1 Teknik Performans\u0131n Korunmas\u0131<\/strong><\/p>\n<\/div><div class=\"mx-5 sm:mx-0 prose leading-relaxed text-lg mb-5 text-left wp-paragraph\">\n<p>Platformun t\u00fcm cihazlarda sorunsuz \u00e7al\u0131\u015fmas\u0131n\u0131 sa\u011flamak i\u00e7in teknik verilerden yararlan\u0131yoruz. Taray\u0131c\u0131 t\u00fcr\u00fc, ekran boyutu veya y\u00fckleme s\u00fcresi gibi bilgiler, hatalar\u0131 tespit etmemize, hatalar\u0131 d\u00fczeltmemize ve genel i\u015flevselli\u011fi iyile\u015ftirmemize yard\u0131mc\u0131 olur. Bu da daha h\u0131zl\u0131 ve daha g\u00fcvenilir bir site deneyimi sunmam\u0131z\u0131 sa\u011flar.<\/p>\n<\/div><div class=\"mx-5 sm:mx-0 prose leading-relaxed text-lg mb-5 text-left wp-paragraph\">\n<p><strong>3.2 Kullan\u0131c\u0131 Deneyimini Ki\u015fiselle\u015ftirme<\/strong><\/p>\n<\/div><div class=\"mx-5 sm:mx-0 prose leading-relaxed text-lg mb-5 text-left wp-paragraph\">\n<p>Kullan\u0131c\u0131 etkinli\u011fi, deneyiminizi anlaml\u0131 \u015fekillerde \u015fekillendirmemize yard\u0131mc\u0131 olur. Ziyaret\u00e7ilerin i\u00e7erikle nas\u0131l etkile\u015fim kurdu\u011funu anlayarak d\u00fczenleri ayarlayabilir, faydal\u0131 kaynaklar \u00f6nerebilir ve ara\u00e7lar\u0131 tan\u0131d\u0131k ve faydal\u0131 hissettirecek \u015fekilde d\u00fczenleyebiliriz.<\/p>\n<\/div><div class=\"mx-5 sm:mx-0 prose leading-relaxed text-lg mb-5 text-left wp-paragraph\">\n<p><strong>3.3 Kat\u0131l\u0131m ve Davran\u0131\u015f\u0131 Anlamak<\/strong><\/p>\n<\/div><div class=\"mx-5 sm:mx-0 prose leading-relaxed text-lg mb-5 text-left wp-paragraph\">\n<p>Bir sayfada ge\u00e7irilen s\u00fcre, t\u0131klama kal\u0131plar\u0131 veya i\u00e7erik pop\u00fclaritesi gibi metrikler, iyile\u015ftirmelerimize rehberlik eder. Bu bilgiler bize neyin i\u015fe yarad\u0131\u011f\u0131n\u0131, kullan\u0131c\u0131lar\u0131n hangi noktalarda d\u00fc\u015ft\u00fc\u011f\u00fcn\u00fc ve bilgileri nas\u0131l daha net bir \u015fekilde sunabilece\u011fimizi g\u00f6sterir.<\/p>\n<\/div><div class=\"mx-5 sm:mx-0 prose leading-relaxed text-lg mb-5 text-left wp-paragraph\">\n<p><strong>3.4 \u00d6zellikleri ve Hizmetleri Geli\u015ftirme<\/strong><\/p>\n<\/div><div class=\"mx-5 sm:mx-0 prose leading-relaxed text-lg mb-5 text-left wp-paragraph\">\n<p>Kullan\u0131c\u0131 geri bildirimleri ve site verileri, mevcut ara\u00e7lar\u0131 geli\u015ftirmemize ve yenilerini sunmam\u0131za yard\u0131mc\u0131 olur. \u0130ster g\u00fcncellenmi\u015f d\u00fczenler, ister arama filtreleri, isterse tamamen yeni \u00f6zellikler olsun, iyile\u015ftirmeler her zaman ger\u00e7ek etkile\u015fimlere ve geli\u015fen ihtiya\u00e7lara dayan\u0131r.<\/p>\n<\/div><div class=\"mx-5 sm:mx-0 prose leading-relaxed text-lg mb-5 text-left wp-paragraph\">\n<p><strong>3.5 Sorulara ve Geri Bildirimlere Yan\u0131t Verme<\/strong><\/p>\n<\/div><div class=\"mx-5 sm:mx-0 prose leading-relaxed text-lg mb-5 text-left wp-paragraph\">\n<p>Bizimle ileti\u015fime ge\u00e7ti\u011finizde, payla\u015ft\u0131\u011f\u0131n\u0131z bilgiler size etkili bir \u015fekilde yan\u0131t vermemizi sa\u011flar. Bu, teknik sorunlar\u0131n \u00e7\u00f6z\u00fclmesini, hesapla ilgili sorunlar\u0131n giderilmesini veya yaln\u0131zca bir \u00f6nerinin kabul edilmesini i\u00e7erir. Ayr\u0131ca, her \u015feyin \u00e7\u00f6z\u00fcld\u00fc\u011f\u00fcnden emin olmak i\u00e7in takipte de bulunabiliriz.<\/p>\n<\/div><div class=\"mx-5 sm:mx-0 prose leading-relaxed text-lg mb-5 text-left wp-paragraph\">\n<p><strong>3.6 Platform G\u00fcncellemeleri ve E-postalar\u0131 G\u00f6nderme<\/strong><\/p>\n<\/div><div class=\"mx-5 sm:mx-0 prose leading-relaxed text-lg mb-5 text-left wp-paragraph\">\n<p>E-posta listemize abone olursan\u0131z, tercihlerinizle ilgili g\u00fcncellemeler, \u00f6nemli noktalar veya duyurular g\u00f6nderebiliriz. Her mesajda, istedi\u011finiz zaman aboneli\u011finizi iptal etme veya ileti\u015fim ayarlar\u0131n\u0131z\u0131 y\u00f6netme se\u00e7ene\u011fi bulunur.<\/p>\n<\/div><div class=\"mx-5 sm:mx-0 prose leading-relaxed text-lg mb-5 text-left wp-paragraph\">\n<p><strong>3.7 G\u00fcvenli\u011fin Art\u0131r\u0131lmas\u0131 ve K\u00f6t\u00fcye Kullan\u0131m\u0131n \u00d6nlenmesi<\/strong><\/p>\n<\/div><div class=\"mx-5 sm:mx-0 prose leading-relaxed text-lg mb-5 text-left wp-paragraph\">\n<p>Toplanan veriler, \u015f\u00fcpheli davran\u0131\u015flar\u0131 tespit etmemize, yetkisiz eri\u015fimi engellememize ve olas\u0131 tehditlere yan\u0131t vermemize yard\u0131mc\u0131 olur. T\u00fcm kullan\u0131c\u0131lar i\u00e7in g\u00fcvenli bir ortam sa\u011flamak amac\u0131yla izleme sistemleri ve davran\u0131\u015f takibi kullan\u0131yoruz.<\/p>\n<\/div><div class=\"mx-5 sm:mx-0 prose leading-relaxed text-lg mb-5 text-left wp-paragraph\">\n<p>Veri kullan\u0131m\u0131m\u0131z adalet, gizlilik ve sorumluluk ilkelerine dayanmaktad\u0131r. Teknolojiye ayak uydurmak ve platformumuzu ziyaret eden herkesin g\u00fcvenini korumak i\u00e7in uygulamalar\u0131m\u0131z\u0131 s\u00fcrekli olarak g\u00f6zden ge\u00e7iriyoruz.<\/p>\n<\/div><!--advertisement--><div class=\"mx-5 sm:mx-0 sm:text-3xl text-2xl font-medium title-font mb-4 text-gray-900 text-left\">\n<h3 class=\"wp-block-heading\">Clarifyou i\u00e7in \u00c7erez Politikas\u0131<\/h3>\n<\/div><div class=\"mx-5 sm:mx-0 prose leading-relaxed text-lg mb-5 text-left wp-paragraph\">\n<p>Bu \u00c7erez Politikas\u0131, \u00e7erezlerin Clarifyou web sitesinde nas\u0131l kullan\u0131ld\u0131\u011f\u0131n\u0131 a\u00e7\u0131klamaktad\u0131r (<a style=\" color:;\" href=\"https:\/\/clarifyou.com\/tr\/\">https:\/\/clarifyou.com\/<\/a>), ne t\u00fcr veriler toplad\u0131klar\u0131n\u0131 ve deneyiminize nas\u0131l katk\u0131da bulunduklar\u0131n\u0131 a\u00e7\u0131klar. Ayr\u0131ca, \u00e7erez kullan\u0131m\u0131yla ilgili tercihlerinizi ve bunlar\u0131 k\u0131s\u0131tlaman\u0131n olas\u0131 etkilerini de a\u00e7\u0131klar.<\/p>\n<\/div><!--advertisement--><div class=\"mx-5 sm:mx-0 sm:text-3xl text-2xl font-medium title-font mb-4 text-gray-900 text-left\">\n<h4 class=\"wp-block-heading\">\u00c7erezleri Anlamak<\/h4>\n<\/div><div class=\"mx-5 sm:mx-0 prose leading-relaxed text-lg mb-5 text-left wp-paragraph\">\n<p>\u00c7erezler, bir web sitesini ziyaret etti\u011finizde cihaz\u0131n\u0131zda depolanan k\u00fc\u00e7\u00fck metin dosyalar\u0131d\u0131r. Platformlar\u0131n etkinli\u011finizi ve tercihlerinizi hat\u0131rlamas\u0131na yard\u0131mc\u0131 olurlar. Bir\u00e7ok modern web sitesi gibi, Clarifyou da site i\u015flevselli\u011fini iyile\u015ftirmek, deneyimi ki\u015fiselle\u015ftirmek ve platform performans\u0131n\u0131 desteklemek i\u00e7in \u00e7erezler kullan\u0131r.<\/p>\n<\/div><div class=\"mx-5 sm:mx-0 prose leading-relaxed text-lg mb-5 text-left wp-paragraph\">\n<p>\u00c7erezler bize \u015fu konularda yard\u0131mc\u0131 olur:<\/p>\n<\/div><div class=\"mx-5 sm:mx-0 prose text-left mb-5\">\n<ul><div class=\"mx-5 sm:mx-0 prose text-left mb-5\">\n<li>Geri d\u00f6nen ziyaret\u00e7ileri tan\u0131y\u0131n ve ayarlar\u0131n\u0131 koruyun<\/li>\n<\/div>\n\n<div class=\"mx-5 sm:mx-0 prose text-left mb-5\">\n<li>Gezinmeyi ve sayfa duyarl\u0131l\u0131\u011f\u0131n\u0131 iyile\u015ftirin<\/li>\n<\/div>\n\n<div class=\"mx-5 sm:mx-0 prose text-left mb-5\">\n<li>Platformun iyile\u015ftirmeleri y\u00f6nlendirmek i\u00e7in nas\u0131l kullan\u0131ld\u0131\u011f\u0131n\u0131 analiz edin<\/li>\n<\/div><\/ul>\n<\/div><div class=\"mx-5 sm:mx-0 prose leading-relaxed text-lg mb-5 text-left wp-paragraph\">\n<p>Ayr\u0131ca \u015f\u00fcpheli davran\u0131\u015flar\u0131 tespit ederek ve veri b\u00fct\u00fcnl\u00fc\u011f\u00fcn\u00fc koruyarak g\u00fcvenli\u011fi desteklerler. Ayr\u0131ca, reklam \u00e7erezleri genel kullan\u0131c\u0131 ilgi alanlar\u0131n\u0131 ve tarama davran\u0131\u015flar\u0131n\u0131 yans\u0131tan i\u00e7eriklerin g\u00f6sterilmesine yard\u0131mc\u0131 olur.<\/p>\n<\/div><div class=\"mx-5 sm:mx-0 prose leading-relaxed text-lg mb-5 text-left wp-paragraph\">\n<p>\u00c7erezler taray\u0131c\u0131 ayarlar\u0131n\u0131z \u00fczerinden y\u00f6netilebilir. Belirli \u00e7erezlerin k\u0131s\u0131tlanmas\u0131, sitenin performans\u0131n\u0131 veya hangi \u00f6zelliklerin kullan\u0131labilirli\u011fini etkileyebilir.<\/p>\n<\/div><!--advertisement--><div class=\"mx-5 sm:mx-0 sm:text-3xl text-2xl font-medium title-font mb-4 text-gray-900 text-left\">\n<h4 class=\"wp-block-heading\">\u00c7erezleri Nas\u0131l Kullan\u0131yoruz<\/h4>\n<\/div><div class=\"mx-5 sm:mx-0 prose leading-relaxed text-lg mb-5 text-left wp-paragraph\">\n<p>Clarifyou&#039;daki \u00e7erezler birka\u00e7 kategoriye ayr\u0131l\u0131r:<\/p>\n<\/div><div class=\"mx-5 sm:mx-0 prose leading-relaxed text-lg mb-5 text-left wp-paragraph\">\n<p>Temel \u00e7erezler, temel site i\u015flemlerini destekler. Sayfalar\u0131n d\u00fczg\u00fcn y\u00fcklenmesini, g\u00fcvenli oturum a\u00e7maya olanak tan\u0131r ve platform \u00f6zelliklerinin beklendi\u011fi gibi \u00e7al\u0131\u015fmas\u0131n\u0131 sa\u011flarlar. Bunlar olmadan, temel i\u015flevler kullan\u0131lamayabilir.<\/p>\n<\/div><div class=\"mx-5 sm:mx-0 prose leading-relaxed text-lg mb-5 text-left wp-paragraph\">\n<p>Tercih \u00e7erezleri, dil veya d\u00fczen gibi kullan\u0131c\u0131 ayarlar\u0131n\u0131 hat\u0131rlar. Aray\u00fcz\u00fcn ki\u015fiselle\u015ftirilmesine ve tekrarlanan ziyaretlerin kolayla\u015ft\u0131r\u0131lmas\u0131na yard\u0131mc\u0131 olurlar.<\/p>\n<\/div><div class=\"mx-5 sm:mx-0 prose leading-relaxed text-lg mb-5 text-left wp-paragraph\">\n<p>Analitik \u00e7erezler, ziyaret\u00e7ilerin i\u00e7erikle nas\u0131l etkile\u015fim kurdu\u011funa dair bilgiler toplar. Bu verileri yap\u0131y\u0131 iyile\u015ftirmek, \u00f6zellikleri iyile\u015ftirmek ve kullan\u0131labilirli\u011fi etkileyebilecek teknik sorunlar\u0131 belirlemek i\u00e7in kullan\u0131r\u0131z.<\/p>\n<\/div><div class=\"mx-5 sm:mx-0 prose leading-relaxed text-lg mb-5 text-left wp-paragraph\">\n<p>G\u00fcvenlik \u00e7erezleri, etkinli\u011fi izlemeye, kullan\u0131c\u0131 hesaplar\u0131n\u0131 korumaya ve d\u00fczensiz davran\u0131\u015flara yan\u0131t vermeye yard\u0131mc\u0131 olur. Bu ara\u00e7lar, g\u00fcvenli bir tarama ortam\u0131n\u0131n sa\u011flanmas\u0131nda \u00f6nemli bir rol oynar.<\/p>\n<\/div><div class=\"mx-5 sm:mx-0 prose leading-relaxed text-lg mb-5 text-left wp-paragraph\">\n<p>Reklam \u00e7erezleri, daha alakal\u0131 tan\u0131t\u0131m i\u00e7erikleri sunar. Reklamlarla etkile\u015fimi izleyebilir ve kampanyalar\u0131n performans\u0131n\u0131 de\u011ferlendirmeye yard\u0131mc\u0131 olabilirler. Baz\u0131 reklam ortaklar\u0131 kendi \u00e7erezlerini kullanabilir. Bu gibi durumlarda, kullan\u0131c\u0131lar\u0131n daha fazla bilgi i\u00e7in ilgili sa\u011flay\u0131c\u0131lar\u0131n gizlilik politikalar\u0131n\u0131 kontrol etmeleri \u00f6nerilir.<\/p>\n<\/div><!--advertisement--><div class=\"mx-5 sm:mx-0 sm:text-3xl text-2xl font-medium title-font mb-4 text-gray-900 text-left\">\n<h4 class=\"wp-block-heading\">\u00c7erezleri Y\u00f6netme veya Devre D\u0131\u015f\u0131 B\u0131rakma<\/h4>\n<\/div><div class=\"mx-5 sm:mx-0 prose leading-relaxed text-lg mb-5 text-left wp-paragraph\">\n<p>\u00c7o\u011fu taray\u0131c\u0131, kullan\u0131c\u0131lar\u0131n \u00e7erezleri istedikleri zaman incelemelerine, engellemelerine veya kald\u0131rmalar\u0131na olanak tan\u0131r. Temel \u00e7erezleri devre d\u0131\u015f\u0131 b\u0131rakmak, belirli site i\u015flevlerine eri\u015fimi s\u0131n\u0131rlayabilirken, tercih \u00e7erezlerini engellemek, sitenin ayarlar\u0131n\u0131z\u0131 hat\u0131rlamas\u0131n\u0131 engelleyebilir.<\/p>\n<\/div><div class=\"mx-5 sm:mx-0 prose leading-relaxed text-lg mb-5 text-left wp-paragraph\">\n<p>Analitik \u00e7erezleri s\u0131n\u0131rlamay\u0131 se\u00e7mek, performans iyile\u015ftirmelerimizin do\u011frulu\u011funu azaltabilir. Reklam \u00e7erezlerini engellemek, reklamlar\u0131 tamamen kald\u0131rmaz, ancak daha az alakal\u0131 \u00f6nerilerle sonu\u00e7lanabilir.<\/p>\n<\/div><div class=\"mx-5 sm:mx-0 prose leading-relaxed text-lg mb-5 text-left wp-paragraph\">\n<p>Ayarlar\u0131n\u0131z\u0131 y\u00f6netmek i\u00e7in ad\u0131m ad\u0131m talimatlar i\u00e7in taray\u0131c\u0131n\u0131z\u0131n yard\u0131m b\u00f6l\u00fcm\u00fcne bak\u0131n. \u00c7erezlerin nas\u0131l \u00e7al\u0131\u015ft\u0131\u011f\u0131n\u0131 anlamak, Clarifyou&#039;nun temel \u00f6zelliklerini kullan\u0131rken deneyiminizi kontrol etmenizi sa\u011flar.<\/p>\n<\/div><!--advertisement--><div class=\"mx-5 sm:mx-0 sm:text-3xl text-2xl font-medium title-font mb-4 text-gray-900 text-left\">\n<h3 class=\"wp-block-heading\">Ayarlad\u0131\u011f\u0131m\u0131z \u00c7erezler<\/h3>\n<\/div><div class=\"mx-5 sm:mx-0 prose leading-relaxed text-lg mb-5 text-left wp-paragraph\">\n<p>\u00c7erezler, Clarifyou&#039;da sorunsuz, g\u00fcvenli ve ki\u015fiselle\u015ftirilmi\u015f bir deneyim sa\u011flaman\u0131za yard\u0131mc\u0131 olur. A\u015fa\u011f\u0131da, kulland\u0131\u011f\u0131m\u0131z \u00e7erez t\u00fcrleri ve bunlar\u0131n nas\u0131l \u00e7al\u0131\u015ft\u0131\u011f\u0131 hakk\u0131nda genel bir bak\u0131\u015f sunulmaktad\u0131r.<\/p>\n<\/div><div class=\"mx-5 sm:mx-0 prose leading-relaxed text-lg mb-5 text-left wp-paragraph\">\n<p><strong>Hesap ve Giri\u015f \u00c7erezleri<\/strong><\/p>\n<\/div><div class=\"mx-5 sm:mx-0 prose leading-relaxed text-lg mb-5 text-left wp-paragraph\">\n<p>Bu \u00e7erezler kay\u0131t, oturum a\u00e7ma ve hesap tan\u0131ma i\u015flemlerine yard\u0131mc\u0131 olur. Sayfalar aras\u0131nda oturumunuzun a\u00e7\u0131k kalmas\u0131na ve profilinizle ba\u011flant\u0131l\u0131 belirli tercihlerin hat\u0131rlanmas\u0131na yard\u0131mc\u0131 olurlar. Oturum \u00e7erezlerinin \u00e7o\u011fu oturumu kapatt\u0131\u011f\u0131n\u0131zda silinir, ancak baz\u0131lar\u0131 bir sonraki ziyaretiniz i\u00e7in ayarlar\u0131 korumak amac\u0131yla kalabilir.<\/p>\n<\/div><div class=\"mx-5 sm:mx-0 prose leading-relaxed text-lg mb-5 text-left wp-paragraph\">\n<p><strong>E-posta Abonelik \u00c7erezleri<\/strong><\/p>\n<\/div><div class=\"mx-5 sm:mx-0 prose leading-relaxed text-lg mb-5 text-left wp-paragraph\">\n<p>B\u00fcltenimize veya e-posta g\u00fcncellemelerimize abone olursan\u0131z, \u00e7erezler abonelik tercihlerinizi y\u00f6netmenize yard\u0131mc\u0131 olur. Ge\u00e7mi\u015f etkile\u015fimlerinize g\u00f6re i\u00e7erik sunumunu ki\u015fiselle\u015ftirmemize ve etkile\u015fim d\u00fczeyinizi yans\u0131tan mesajlar alman\u0131z\u0131 sa\u011flarlar.<\/p>\n<\/div><div class=\"mx-5 sm:mx-0 prose leading-relaxed text-lg mb-5 text-left wp-paragraph\">\n<p><strong>Anket ve Form G\u00f6nderme \u00c7erezleri<\/strong><\/p>\n<\/div><div class=\"mx-5 sm:mx-0 prose leading-relaxed text-lg mb-5 text-left wp-paragraph\">\n<p>Anketlere kat\u0131l\u0131rken veya form g\u00f6nderirken, \u00e7erezler tekrar\u0131 \u00f6nlemeye ve ge\u00e7ici girdileri depolamaya yard\u0131mc\u0131 olur. Bu, tekrarlanan giri\u015fleri \u00f6nler ve gerekti\u011finde daha \u00f6nce girilen bilgileri hat\u0131rlayarak zamandan tasarruf sa\u011flar.<\/p>\n<\/div><div class=\"mx-5 sm:mx-0 prose leading-relaxed text-lg mb-5 text-left wp-paragraph\">\n<p><strong>Ki\u015fiselle\u015ftirme \u00c7erezleri<\/strong><\/p>\n<\/div><div class=\"mx-5 sm:mx-0 prose leading-relaxed text-lg mb-5 text-left wp-paragraph\">\n<p>Bu \u00e7erezler, g\u00f6r\u00fcnt\u00fcleme modu, dil se\u00e7imi veya d\u00fczen tercihleri gibi aray\u00fcz ayarlar\u0131n\u0131 saklar. Se\u00e7imlerinizi hat\u0131rlayarak, web sitesi her geri d\u00f6nd\u00fc\u011f\u00fcn\u00fczde daha tutarl\u0131 ve ki\u015fiselle\u015ftirilmi\u015f bir tarama deneyimi sunabilir.<\/p>\n<\/div><!--advertisement--><div class=\"mx-5 sm:mx-0 sm:text-3xl text-2xl font-medium title-font mb-4 text-gray-900 text-left\">\n<h3 class=\"wp-block-heading\">\u00dc\u00e7\u00fcnc\u00fc Taraf Sa\u011flay\u0131c\u0131 \u00c7erezleri<\/h3>\n<\/div><div class=\"mx-5 sm:mx-0 prose leading-relaxed text-lg mb-5 text-left wp-paragraph\">\n<p>Web sitesi performans\u0131n\u0131 desteklemek, analiz toplamak ve reklamlar\u0131 y\u00f6netmek i\u00e7in \u00fc\u00e7\u00fcnc\u00fc taraf hizmetlerle \u00e7al\u0131\u015f\u0131yoruz. Bu sa\u011flay\u0131c\u0131lar, belirli i\u015flevleri yerine getirmek i\u00e7in platformumuza kendi \u00e7erezlerini yerle\u015ftirebilirler.<\/p>\n<\/div><div class=\"mx-5 sm:mx-0 prose leading-relaxed text-lg mb-5 text-left wp-paragraph\">\n<p><strong>Analitik ve Performans \u00c7erezleri<\/strong><\/p>\n<\/div><div class=\"mx-5 sm:mx-0 prose leading-relaxed text-lg mb-5 text-left wp-paragraph\">\n<p>A\u015fa\u011f\u0131daki ara\u00e7lardan gelen \u00e7erezler: <a style=\" color:;\" href=\"https:\/\/support.google.com\/analytics\/answer\/12159447?hl=en\">Google Analitik<\/a> Anonim kullan\u0131m verileri toplay\u0131n. Bu veriler, sayfalarda ge\u00e7irilen s\u00fcre, sitede gezinme ve genel davran\u0131\u015f e\u011filimlerini i\u00e7erir. Bu bilgiler, neyin i\u015fe yarad\u0131\u011f\u0131n\u0131 ve hangi noktalarda iyile\u015ftirmeler yap\u0131lmas\u0131 gerekti\u011fini belirlememize yard\u0131mc\u0131 olur. Google&#039;\u0131n bu \u00e7erezleri nas\u0131l kulland\u0131\u011f\u0131 hakk\u0131nda daha fazla bilgi edinmek i\u00e7in resmi kaynaklar\u0131n\u0131 ziyaret edebilirsiniz.<\/p>\n<\/div><div class=\"mx-5 sm:mx-0 prose leading-relaxed text-lg mb-5 text-left wp-paragraph\">\n<p><strong>Test ve Geli\u015ftirme \u00c7erezleri<\/strong><\/p>\n<\/div><div class=\"mx-5 sm:mx-0 prose leading-relaxed text-lg mb-5 text-left wp-paragraph\">\n<p>G\u00fcncellemeler veya \u00f6zellik testleri s\u0131ras\u0131nda, ge\u00e7ici \u00e7erezler performans\u0131 ve kullan\u0131c\u0131 yan\u0131t\u0131n\u0131 izler. Bu, yeni \u00f6zelliklerin d\u00fczg\u00fcn \u00e7al\u0131\u015fmas\u0131n\u0131 ve kullan\u0131c\u0131 deneyimini aksatmamas\u0131n\u0131 sa\u011flamam\u0131za yard\u0131mc\u0131 olur.<\/p>\n<\/div><div class=\"mx-5 sm:mx-0 prose leading-relaxed text-lg mb-5 text-left wp-paragraph\">\n<p><strong>Reklam \u00c7erezleri<\/strong><\/p>\n<\/div><div class=\"mx-5 sm:mx-0 prose leading-relaxed text-lg mb-5 text-left wp-paragraph\">\n<p>Reklam ortaklar\u0131 taraf\u0131ndan kullan\u0131lan \u00e7erezler, genel ilgi alanlar\u0131na ve tarama davran\u0131\u015flar\u0131na g\u00f6re i\u00e7erik sunabilir. Ayr\u0131ca, reklamlar\u0131n ne kadar iyi performans g\u00f6sterdi\u011fini izlemeye de yard\u0131mc\u0131 olurlar. Kullan\u0131c\u0131lar, reklam tercihlerini taray\u0131c\u0131 ayarlar\u0131 veya do\u011frudan \u015fu ara\u00e7lar arac\u0131l\u0131\u011f\u0131yla kontrol edebilirler: <a style=\" color:;\" href=\"https:\/\/myadcenter.google.com\/home?sasb=true&amp;ref=ad-settings\">Google&#039;\u0131n Reklam Tercihleri<\/a> veya <a style=\" color:;\" href=\"http:\/\/www.aboutads.info\">www.aboutads.info<\/a>.&nbsp;<\/p>\n<\/div><!--advertisement--><div class=\"mx-5 sm:mx-0 sm:text-3xl text-2xl font-medium title-font mb-4 text-gray-900 text-left\">\n<h3 class=\"wp-block-heading\">\u00c7erezler Nas\u0131l Engellenir<\/h3>\n<\/div><div class=\"mx-5 sm:mx-0 prose leading-relaxed text-lg mb-5 text-left wp-paragraph\">\n<p>\u00c7erez ayarlar\u0131n\u0131z\u0131 taray\u0131c\u0131n\u0131z \u00fczerinden kontrol edebilirsiniz. \u00c7o\u011fu taray\u0131c\u0131, gerekti\u011finde \u00e7erezleri incelemek, engellemek veya silmek i\u00e7in ara\u00e7lar sunar. Ayr\u0131nt\u0131l\u0131 ad\u0131mlar i\u00e7in resmi destek sayfalar\u0131na bak\u0131n:<\/p>\n<\/div><div class=\"mx-5 sm:mx-0 prose text-left mb-5\">\n<ul><div class=\"mx-5 sm:mx-0 prose text-left mb-5\">\n<li><a href=\"https:\/\/support.google.com\/accounts\/answer\/61416?hl=en\">Google Chrome<\/a><\/li>\n<\/div>\n\n<div class=\"mx-5 sm:mx-0 prose text-left mb-5\">\n<li><a href=\"https:\/\/support.mozilla.org\/en-US\/kb\/enhanced-tracking-protection-firefox-desktop?redirectlocale=en-US&amp;redirectslug=enable-and-disable-cookies-website-preferences\">Firefox<\/a><\/li>\n<\/div>\n\n<div class=\"mx-5 sm:mx-0 prose text-left mb-5\">\n<li><a href=\"https:\/\/support.microsoft.com\/pt-br\/windows\/excluir-e-gerenciar-cookies-168dab11-0753-043d-7c16-ede5947fc64d\">Microsoft Kenar\u0131<\/a><\/li>\n<\/div>\n\n<div class=\"mx-5 sm:mx-0 prose text-left mb-5\">\n<li><a href=\"https:\/\/blogs.opera.com\/news\/2015\/08\/how-to-manage-cookies-in-opera\/\">Opera<\/a><\/li>\n<\/div>\n\n<div class=\"mx-5 sm:mx-0 prose text-left mb-5\">\n<li><a href=\"https:\/\/support.apple.com\/pt-br\/guide\/safari\/sfri11471\/mac\">Safari&nbsp;<\/a><\/li>\n<\/div><\/ul>\n<\/div><div class=\"mx-5 sm:mx-0 prose leading-relaxed text-lg mb-5 text-left wp-paragraph\">\n<p>\u00c7erezleri devre d\u0131\u015f\u0131 b\u0131rakmak, sitenin belirli b\u00f6l\u00fcmlerinin \u00e7al\u0131\u015fma \u015feklini etkileyebilir. \u00d6rne\u011fin, kay\u0131tl\u0131 ayarlara, oturum a\u00e7ma oturumlar\u0131na veya ki\u015fiselle\u015ftirilmi\u015f \u00f6nerilere eri\u015fiminizi kaybedebilirsiniz. Reklam \u00e7erezlerini engellemek, reklamlar\u0131 tamamen kald\u0131rmaz, ancak daha az alakal\u0131 hale getirebilir.<\/p>\n<\/div><div class=\"mx-5 sm:mx-0 prose leading-relaxed text-lg mb-5 text-left wp-paragraph\">\n<p>\u00c7erezlerin nas\u0131l \u00e7al\u0131\u015ft\u0131\u011f\u0131n\u0131 anlamak, verileriniz \u00fczerinde kontrol sahibi olman\u0131z\u0131 sa\u011flarken, bilin\u00e7li se\u00e7imler yapman\u0131za ve Clarifyou&#039;daki deneyiminizi ki\u015fiselle\u015ftirmenize olanak tan\u0131r.<\/p>\n<\/div><!--advertisement--><div class=\"mx-5 sm:mx-0 sm:text-3xl text-2xl font-medium title-font mb-4 text-gray-900 text-left\">\n<h2 class=\"wp-block-heading\">IV. Veri Koruma Taahh\u00fcd\u00fc<\/h2>\n<\/div><div class=\"mx-5 sm:mx-0 prose leading-relaxed text-lg mb-5 text-left wp-paragraph\">\n<p>Clarifyou, kullan\u0131c\u0131 bilgilerinin korunmas\u0131na b\u00fcy\u00fck \u00f6nem vermektedir. Ki\u015fisel verilerinizi hi\u00e7bir ko\u015fulda satmaz, kiralamaz veya ticari ama\u00e7la kullanmay\u0131z. Baz\u0131 durumlarda, platform performans\u0131n\u0131 iyile\u015ftirmek, yeni \u00f6zellikler geli\u015ftirmek veya genel kullan\u0131m e\u011filimlerini daha iyi anlamak amac\u0131yla anonimle\u015ftirilmi\u015f veya toplu verileri g\u00fcvenilir i\u015f ortaklar\u0131m\u0131zla payla\u015fabiliriz. Bu t\u00fcr veri payla\u015f\u0131mlar\u0131 hi\u00e7bir ki\u015fisel kimli\u011fi a\u00e7\u0131\u011fa \u00e7\u0131karmaz.<\/p>\n<\/div><div class=\"mx-5 sm:mx-0 prose leading-relaxed text-lg mb-5 text-left wp-paragraph\">\n<p>Kullan\u0131c\u0131lar, bu anonim veri kullan\u0131m\u0131ndan istedikleri zaman vazge\u00e7ebilirler. Tercihlerinizi y\u00f6netmek veya se\u00e7enekleriniz hakk\u0131nda daha fazla bilgi edinmek isterseniz, l\u00fctfen ileti\u015fim formumuz arac\u0131l\u0131\u011f\u0131yla bize ula\u015f\u0131n.<\/p>\n<\/div><div class=\"mx-5 sm:mx-0 prose leading-relaxed text-lg mb-5 text-left wp-paragraph\">\n<p>Ki\u015fisel verileri korumak i\u00e7in g\u00fc\u00e7l\u00fc g\u00fcvenlik uygulamalar\u0131n\u0131n bir kombinasyonunu kullan\u0131yoruz. Bunlar aras\u0131nda, veri aktar\u0131mlar\u0131 i\u00e7in \u015fifreli ba\u011flant\u0131lar, rollere g\u00f6re s\u0131n\u0131rl\u0131 dahili eri\u015fim ve ola\u011fand\u0131\u015f\u0131 veya yetkisiz faaliyetleri tespit etmek \u00fczere tasarlanm\u0131\u015f izleme ara\u00e7lar\u0131 yer al\u0131yor. Sistemlerimiz d\u00fczenli olarak inceleniyor ve korumay\u0131 g\u00fc\u00e7lendirmek ve olas\u0131 g\u00fcvenlik a\u00e7\u0131klar\u0131n\u0131 kapatmak i\u00e7in denetimler ger\u00e7ekle\u015ftiriyoruz.<\/p>\n<\/div><div class=\"mx-5 sm:mx-0 prose leading-relaxed text-lg mb-5 text-left wp-paragraph\">\n<p>Platformumuzu g\u00fcvence alt\u0131na almak i\u00e7in her t\u00fcrl\u00fc makul ad\u0131m\u0131 atsak da, hi\u00e7bir \u00e7evrimi\u00e7i sistem tamamen risksiz de\u011fildir. Yetkisiz bir olay meydana gelirse, Clarifyou sorunu kontrol alt\u0131na almak, g\u00fcvenli\u011fi sa\u011flamak ve gerekli t\u00fcm bildirim ad\u0131mlar\u0131n\u0131 izlemek i\u00e7in h\u0131zla harekete ge\u00e7ecektir. Verileriniz s\u00f6z konusu oldu\u011funda, bilgilerinizi nas\u0131l koruyaca\u011f\u0131n\u0131z konusunda size derhal bilgi verilecek ve gerekli y\u00f6nlendirmeler yap\u0131lacakt\u0131r.<\/p>\n<\/div><div class=\"mx-5 sm:mx-0 prose leading-relaxed text-lg mb-5 text-left wp-paragraph\">\n<p>Bizim i\u00e7in kullan\u0131c\u0131 gizlili\u011fini korumak, teknik \u00f6nlemlerin \u00f6tesine ge\u00e7er. Bu, platformumuza duyulan g\u00fcveni yans\u0131t\u0131r. Clarifyou&#039;yu ziyaret eden herkes i\u00e7in g\u00fcvenli, sayg\u0131l\u0131 ve \u015feffaf bir ortam olu\u015fturmaya ve s\u00fcrd\u00fcrmeye kararl\u0131y\u0131z.<\/p>\n<\/div><!--advertisement--><div class=\"mx-5 sm:mx-0 sm:text-3xl text-2xl font-medium title-font mb-4 text-gray-900 text-left\">\n<h2 class=\"wp-block-heading\">V. Gizlilik Ayr\u0131cal\u0131klar\u0131n\u0131z\u0131n Uygulanmas\u0131<\/h2>\n<\/div><div class=\"mx-5 sm:mx-0 prose leading-relaxed text-lg mb-5 text-left wp-paragraph\">\n<p><strong>5.1 Haklar\u0131n\u0131z\u0131 Anlamak<\/strong><\/p>\n<\/div><div class=\"mx-5 sm:mx-0 prose leading-relaxed text-lg mb-5 text-left wp-paragraph\">\n<p>Clarifyou olarak, herkesin ki\u015fisel bilgilerinin nas\u0131l kullan\u0131ld\u0131\u011f\u0131n\u0131 bilme ve bu konuda karar alma hakk\u0131na sahip oldu\u011funa inan\u0131yoruz. \u0130ster anonim olarak gezinin, ister platformumuzla daha aktif bir \u015fekilde etkile\u015fimde bulunun, hakk\u0131n\u0131zda tuttu\u011fumuz bilgilere eri\u015fme, bunlar\u0131 inceleme veya bunlarda de\u011fi\u015fiklik talep etme hakk\u0131n\u0131z vard\u0131r.<\/p>\n<\/div><div class=\"mx-5 sm:mx-0 prose leading-relaxed text-lg mb-5 text-left wp-paragraph\">\n<p>Baz\u0131 durumlarda, verilerinizin nas\u0131l kullan\u0131laca\u011f\u0131n\u0131 s\u0131n\u0131rlamam\u0131z\u0131 veya kal\u0131c\u0131 olarak silinmesini talep edebilirsiniz. T\u00fcm talepleri kar\u015f\u0131lamay\u0131 hedeflesek de, yasal, idari veya g\u00fcvenlik nedenleriyle belirli kay\u0131tlar\u0131 tutmam\u0131z gereken durumlar olabilir.<\/p>\n<\/div><div class=\"mx-5 sm:mx-0 prose leading-relaxed text-lg mb-5 text-left wp-paragraph\">\n<p>Gizlilik tercihlerinizi y\u00f6netmenize yard\u0131mc\u0131 olacak ara\u00e7lar ve destek sa\u011fl\u0131yoruz. Amac\u0131m\u0131z yaln\u0131zca yasal beklentileri kar\u015f\u0131lamak de\u011fil, ayn\u0131 zamanda kullan\u0131c\u0131lara verilerinin nas\u0131l i\u015flendi\u011fi konusunda net bir kontrol sa\u011flamakt\u0131r.<\/p>\n<\/div><div class=\"mx-5 sm:mx-0 prose leading-relaxed text-lg mb-5 text-left wp-paragraph\">\n<p><strong>5.2 Veri Saklama Uygulamalar\u0131m\u0131z<\/strong><\/p>\n<\/div><div class=\"mx-5 sm:mx-0 prose leading-relaxed text-lg mb-5 text-left wp-paragraph\">\n<p>Ki\u015fisel verileri yaln\u0131zca ama\u00e7lanan amac\u0131n yerine getirilmesi i\u00e7in ihtiya\u00e7 duyuldu\u011fu s\u00fcrece saklar\u0131z. Bu, sitenin i\u015flevselli\u011fini sa\u011flamak, i\u00e7erik sunmak, destek taleplerini \u00e7\u00f6zmek, g\u00fcvenli\u011fi sa\u011flamak ve genel performans\u0131 iyile\u015ftirmek gibi ama\u00e7lar\u0131 i\u00e7erir.<\/p>\n<\/div><div class=\"mx-5 sm:mx-0 prose leading-relaxed text-lg mb-5 text-left wp-paragraph\">\n<p>\u00d6rne\u011fin, \u00f6nceki mesajlar\u0131n\u0131za yan\u0131t vermek veya \u00e7\u00f6z\u00fclmemi\u015f sorunlar\u0131 takip etmek i\u00e7in ileti\u015fim bilgilerinizi saklayabiliriz. Performans ve g\u00fcvenlikle ilgili teknik veriler, gelecekteki sorunlar\u0131n tespit edilmesine yard\u0131mc\u0131 olmak i\u00e7in ge\u00e7ici olarak saklanabilir. Bilgiler art\u0131k kullan\u0131\u015fl\u0131 olmad\u0131\u011f\u0131nda, size ula\u015f\u0131lamamas\u0131 i\u00e7in silinir veya anonimle\u015ftirilir.<\/p>\n<\/div><div class=\"mx-5 sm:mx-0 prose leading-relaxed text-lg mb-5 text-left wp-paragraph\">\n<p>Verilerinizin silinmesini istiyorsan\u0131z, ileti\u015fim sayfam\u0131z \u00fczerinden talebinizi iletebilirsiniz. <a style=\" color:;\" href=\"https:\/\/clarifyou.com\/tr\/contact\/\">https:\/\/clarifyou.com\/contact<\/a>Talebinizi derhal i\u015fleme koyaca\u011f\u0131z ve kald\u0131rma i\u015flemi tamamland\u0131\u011f\u0131nda veya yasal ya da operasyonel nedenlerle baz\u0131 bilgilerin ge\u00e7ici olarak saklanmas\u0131 gerekti\u011finde sizi bilgilendirece\u011fiz.<\/p>\n<\/div><div class=\"mx-5 sm:mx-0 prose leading-relaxed text-lg mb-5 text-left wp-paragraph\">\n<p>Clarifyou olarak gizlili\u011fi ciddiye al\u0131yoruz. Veri i\u015fleme s\u00fcre\u00e7lerimiz, kullan\u0131c\u0131 haklar\u0131n\u0131 korumak, \u015feffafl\u0131\u011f\u0131 desteklemek ve bilgilerinizin ba\u015ftan sona sorumlu bir \u015fekilde y\u00f6netilmesini sa\u011flamak i\u00e7in tasarlanm\u0131\u015ft\u0131r.<\/p>\n<\/div><!--advertisement--><div class=\"mx-5 sm:mx-0 sm:text-3xl text-2xl font-medium title-font mb-4 text-gray-900 text-left\">\n<h2 class=\"wp-block-heading\">VI. Amerika Birle\u015fik Devletleri&#039;nde Veri Korumas\u0131<\/h2>\n<\/div><div class=\"mx-5 sm:mx-0 prose leading-relaxed text-lg mb-5 text-left wp-paragraph\">\n<p>Clarifyou, gizlili\u011finizi korumay\u0131 taahh\u00fct eder ve Amerika Birle\u015fik Devletleri genelinde ge\u00e7erli olan veri koruma yasalar\u0131na uyar. \u00dclke tek ve birle\u015fik bir gizlilik \u00e7er\u00e7evesi izlemese de, bizimki gibi web sitelerinin ki\u015fisel verileri nas\u0131l toplad\u0131\u011f\u0131n\u0131, saklad\u0131\u011f\u0131n\u0131 ve kulland\u0131\u011f\u0131n\u0131 d\u00fczenleyen bir dizi eyalet ve federal d\u00fczenleme vard\u0131r.<\/p>\n<\/div><div class=\"mx-5 sm:mx-0 prose leading-relaxed text-lg mb-5 text-left wp-paragraph\">\n<p>Bu b\u00f6l\u00fcm, faaliyetlerimizi etkileyen en \u00f6nemli ABD gizlilik yasalar\u0131n\u0131 ana hatlar\u0131yla a\u00e7\u0131klayarak haklar\u0131n\u0131z\u0131 ve ge\u00e7erli gerekliliklere uygun olarak bilgilerinizi korumak i\u00e7in att\u0131\u011f\u0131m\u0131z ad\u0131mlar\u0131 ayr\u0131nt\u0131l\u0131 olarak a\u00e7\u0131klamaktad\u0131r.<\/p>\n<\/div><!--advertisement--><div class=\"mx-5 sm:mx-0 sm:text-3xl text-2xl font-medium title-font mb-4 text-gray-900 text-left\">\n<h3 class=\"wp-block-heading\">Kaliforniya Gizlilik Yasalar\u0131 \u2013 CCPA ve CPRA<\/h3>\n<\/div><div class=\"mx-5 sm:mx-0 prose leading-relaxed text-lg mb-5 text-left wp-paragraph\">\n<p>Kaliforniya&#039;da ikamet ediyorsan\u0131z, ki\u015fisel bilgileriniz 2023 y\u0131l\u0131nda y\u00fcr\u00fcrl\u00fc\u011fe giren Kaliforniya T\u00fcketici Gizlili\u011fi Yasas\u0131 (CCPA) ve geni\u015fletilmi\u015f Kaliforniya Gizlilik Haklar\u0131 Yasas\u0131 (CPRA) kapsam\u0131ndad\u0131r.<\/p>\n<\/div><div class=\"mx-5 sm:mx-0 prose leading-relaxed text-lg mb-5 text-left wp-paragraph\">\n<p>Bu yasalar, \u00e7erezler, analiz yaz\u0131l\u0131mlar\u0131 veya reklam platformlar\u0131 arac\u0131l\u0131\u011f\u0131yla bilgi toplayan i\u015fletmeleri etkiler; IP adresleri veya kullan\u0131c\u0131 davran\u0131\u015flar\u0131 gibi veriler dolayl\u0131 olarak toplansa bile.<\/p>\n<\/div><!--advertisement--><div class=\"mx-5 sm:mx-0 sm:text-3xl text-2xl font-medium title-font mb-4 text-gray-900 text-left\">\n<h4 class=\"wp-block-heading\">CCPA\/CPRA Kapsam\u0131ndaki Haklar\u0131n\u0131z:<\/h4>\n<\/div><div class=\"mx-5 sm:mx-0 prose text-left mb-5\">\n<ul><div class=\"mx-5 sm:mx-0 prose text-left mb-5\">\n<li>Hangi t\u00fcr ki\u015fisel bilgileri toplad\u0131\u011f\u0131m\u0131z\u0131 ve bunlar\u0131 neden toplad\u0131\u011f\u0131m\u0131z\u0131 \u00f6\u011frenin<\/li>\n<\/div>\n\n<div class=\"mx-5 sm:mx-0 prose text-left mb-5\">\n<li>Ki\u015fisel verilerinizin sistemlerimizden silinmesini talep edin<\/li>\n<\/div>\n\n<div class=\"mx-5 sm:mx-0 prose text-left mb-5\">\n<li>Hakk\u0131n\u0131zda saklanan bilgilerdeki yanl\u0131\u015fl\u0131klar\u0131 d\u00fczeltin<\/li>\n<\/div>\n\n<div class=\"mx-5 sm:mx-0 prose text-left mb-5\">\n<li>\u00d6zellikle \u00fc\u00e7\u00fcnc\u00fc taraf reklamlar\u0131 ba\u011flam\u0131nda ki\u015fisel verilerinizin payla\u015f\u0131lmas\u0131n\u0131 veya sat\u0131lmas\u0131n\u0131 engelleyin<\/li>\n<\/div>\n\n<div class=\"mx-5 sm:mx-0 prose text-left mb-5\">\n<li>Hassas ki\u015fisel bilgilerin nas\u0131l kullan\u0131laca\u011f\u0131n\u0131 s\u0131n\u0131rlay\u0131n<\/li>\n<\/div>\n\n<div class=\"mx-5 sm:mx-0 prose text-left mb-5\">\n<li>Ki\u015fisel verilerinizin eri\u015filebilir bir formatta ta\u015f\u0131nabilir bir kopyas\u0131n\u0131 talep edin<\/li>\n<\/div><\/ul>\n<\/div><div class=\"mx-5 sm:mx-0 prose leading-relaxed text-lg mb-5 text-left wp-paragraph\">\n<p>Bu yasalara uymak i\u00e7in Clarifyou, \u015feffaf bir gizlilik bildirimi, kullan\u0131c\u0131 dostu \u00e7erez y\u00f6netim ara\u00e7lar\u0131 ve Kaliforniya kullan\u0131c\u0131lar\u0131n\u0131n bu haklar\u0131n\u0131 kullanmalar\u0131na yard\u0131mc\u0131 olmak i\u00e7in \u00f6zel bir s\u00fcre\u00e7 sunmaktad\u0131r. Ayr\u0131ca, yasal olarak gerekli oldu\u011funda taray\u0131c\u0131 tabanl\u0131 gizlilik taleplerini dikkate al\u0131yor ve ki\u015fisel veri silme ve eri\u015fim taleplerinin g\u00fcvenli bir \u015fekilde i\u015flenmesini sa\u011flamak i\u00e7in s\u0131k\u0131 i\u00e7 prosed\u00fcrler uyguluyoruz.<\/p>\n<\/div><!--advertisement--><div class=\"mx-5 sm:mx-0 sm:text-3xl text-2xl font-medium title-font mb-4 text-gray-900 text-left\">\n<h3 class=\"wp-block-heading\">Virginia T\u00fcketici Veri Koruma Yasas\u0131 (VCDPA)<\/h3>\n<\/div><div class=\"mx-5 sm:mx-0 prose leading-relaxed text-lg mb-5 text-left wp-paragraph\">\n<p>Virginia T\u00fcketici Veri Koruma Yasas\u0131 (VCDPA), Virginia sakinlerinin verilerinin web siteleri ve \u00e7evrimi\u00e7i hizmetler taraf\u0131ndan nas\u0131l topland\u0131\u011f\u0131, kullan\u0131ld\u0131\u011f\u0131 ve sakland\u0131\u011f\u0131 hakk\u0131nda net bilgilere eri\u015febilmelerini sa\u011flar.<\/p>\n<\/div><div class=\"mx-5 sm:mx-0 prose leading-relaxed text-lg mb-5 text-left wp-paragraph\">\n<p>Kanun, analitik veya pazarlama ama\u00e7lar\u0131yla toplanan davran\u0131\u015fsal veriler de dahil olmak \u00fczere ki\u015fisel bilgilerin her t\u00fcrl\u00fc i\u015flenmesi veya payla\u015f\u0131lmas\u0131 i\u00e7in ge\u00e7erlidir.<\/p>\n<\/div><!--advertisement--><div class=\"mx-5 sm:mx-0 sm:text-3xl text-2xl font-medium title-font mb-4 text-gray-900 text-left\">\n<h4 class=\"wp-block-heading\">VCDPA Kapsam\u0131ndaki Haklar\u0131n\u0131z:<\/h4>\n<\/div><div class=\"mx-5 sm:mx-0 prose text-left mb-5\">\n<ul><div class=\"mx-5 sm:mx-0 prose text-left mb-5\">\n<li>Ki\u015fisel verilerinize eri\u015fin ve \u015fu anda i\u015flenip i\u015flenmedi\u011fini do\u011frulay\u0131n<\/li>\n<\/div>\n\n<div class=\"mx-5 sm:mx-0 prose text-left mb-5\">\n<li>Dosyadaki hatalar\u0131 veya g\u00fcncel olmayan ki\u015fisel bilgileri d\u00fczeltin<\/li>\n<\/div>\n\n<div class=\"mx-5 sm:mx-0 prose text-left mb-5\">\n<li>Art\u0131k gerekli olmayan veya istenmeyen ki\u015fisel verilerin silinmesini talep edin<\/li>\n<\/div>\n\n<div class=\"mx-5 sm:mx-0 prose text-left mb-5\">\n<li>Hedefli reklamlardan, veri sat\u0131\u015flar\u0131ndan veya algoritmik profillemeden \u00e7\u0131k\u0131n<\/li>\n<\/div>\n\n<div class=\"mx-5 sm:mx-0 prose text-left mb-5\">\n<li>Ki\u015fisel bilgilerinizin indirilebilir ve ta\u015f\u0131nabilir bir s\u00fcr\u00fcm\u00fcn\u00fc edinin<\/li>\n<\/div><\/ul>\n<\/div><div class=\"mx-5 sm:mx-0 prose leading-relaxed text-lg mb-5 text-left wp-paragraph\">\n<p>Clarifyou olarak, kullan\u0131c\u0131 verilerinin nas\u0131l kullan\u0131ld\u0131\u011f\u0131n\u0131 a\u00e7\u0131k\u00e7a belirterek, yaln\u0131zca gerekli olanlar\u0131 toplayarak ve uygun durumlarda davran\u0131\u015fsal izlemeyi devre d\u0131\u015f\u0131 b\u0131rakma olana\u011f\u0131 sunarak bu haklara sayg\u0131 duyuyoruz. Kullan\u0131c\u0131lar, taleplerini resmi ileti\u015fim sayfam\u0131z arac\u0131l\u0131\u011f\u0131yla iletebilir ve Virginia yasalar\u0131n\u0131n gerektirdi\u011fi s\u00fcre i\u00e7inde yan\u0131t vermeyi taahh\u00fct ederiz.<\/p>\n<\/div><!--advertisement--><div class=\"mx-5 sm:mx-0 sm:text-3xl text-2xl font-medium title-font mb-4 text-gray-900 text-left\">\n<h3 class=\"wp-block-heading\">Colorado Gizlilik Yasas\u0131 (CPA)<\/h3>\n<\/div><div class=\"mx-5 sm:mx-0 prose leading-relaxed text-lg mb-5 text-left wp-paragraph\">\n<p>Colorado Gizlilik Yasas\u0131 (CPA), \u00f6zellikle \u00e7erezler, izleyiciler veya analiz ara\u00e7lar\u0131 arac\u0131l\u0131\u011f\u0131yla kullan\u0131c\u0131 verilerini toplayan ve i\u015fleyen web siteleriyle ilgili olarak Colorado sakinlerine ek gizlilik haklar\u0131 sa\u011flar.<\/p>\n<\/div><div class=\"mx-5 sm:mx-0 prose leading-relaxed text-lg mb-5 text-left wp-paragraph\">\n<p>Veriler dolayl\u0131 olarak topland\u0131\u011f\u0131nda bile (cihaz tan\u0131mlay\u0131c\u0131lar\u0131 veya tarama kal\u0131plar\u0131 gibi), bu yasa, kullan\u0131c\u0131lara bilgilerinin nas\u0131l kullan\u0131laca\u011f\u0131 konusunda net se\u00e7imler ve kontrol sa\u011flanmas\u0131n\u0131 gerektirir.<\/p>\n<\/div><!--advertisement--><div class=\"mx-5 sm:mx-0 sm:text-3xl text-2xl font-medium title-font mb-4 text-gray-900 text-left\">\n<h4 class=\"wp-block-heading\">CPA Kapsam\u0131ndaki Haklar\u0131n\u0131z:<\/h4>\n<\/div><div class=\"mx-5 sm:mx-0 prose text-left mb-5\">\n<ul><div class=\"mx-5 sm:mx-0 prose text-left mb-5\">\n<li>Ki\u015fisel verilerinizi istedi\u011finiz zaman g\u00f6r\u00fcnt\u00fcleyin, de\u011fi\u015ftirin veya silin<\/li>\n<\/div>\n\n<div class=\"mx-5 sm:mx-0 prose text-left mb-5\">\n<li>Davran\u0131\u015fsal hedefleme veya algoritmik profillemeye kat\u0131lmay\u0131 reddedin<\/li>\n<\/div>\n\n<div class=\"mx-5 sm:mx-0 prose text-left mb-5\">\n<li>Verilerinizin yap\u0131land\u0131r\u0131lm\u0131\u015f, kullan\u0131labilir bir d\u0131\u015fa aktar\u0131m\u0131n\u0131 al\u0131n<\/li>\n<\/div>\n\n<div class=\"mx-5 sm:mx-0 prose text-left mb-5\">\n<li>Otomatik olarak devre d\u0131\u015f\u0131 b\u0131rakmak i\u00e7in taray\u0131c\u0131 tabanl\u0131 gizlilik ayarlar\u0131n\u0131 (K\u00fcresel Gizlilik Kontrol\u00fc sinyalleri gibi) kullan\u0131n<\/li>\n<\/div><\/ul>\n<\/div><div class=\"mx-5 sm:mx-0 prose leading-relaxed text-lg mb-5 text-left wp-paragraph\">\n<p>Taray\u0131c\u0131 d\u00fczeyinde devre d\u0131\u015f\u0131 b\u0131rakma se\u00e7eneklerini dikkate alarak, veri toplamay\u0131 temel amac\u0131 ile s\u0131n\u0131rlayarak ve verilerin nas\u0131l ve neden kullan\u0131ld\u0131\u011f\u0131na dair net a\u00e7\u0131klamalar sunarak bu haklar\u0131 savunuyoruz. Kullan\u0131c\u0131lar, eri\u015fimi ve anla\u015f\u0131lmas\u0131 kolay site i\u00e7i ara\u00e7lar arac\u0131l\u0131\u011f\u0131yla \u00e7erezleri y\u00f6netebilir ve gizlilik tercihlerini ayarlayabilirler.<\/p>\n<\/div><!--advertisement--><div class=\"mx-5 sm:mx-0 sm:text-3xl text-2xl font-medium title-font mb-4 text-gray-900 text-left\">\n<h3 class=\"wp-block-heading\">\u00c7ocuklar\u0131n \u00c7evrimi\u00e7i Gizlili\u011fini Koruma Yasas\u0131 (COPPA)<\/h3>\n<\/div><div class=\"mx-5 sm:mx-0 prose leading-relaxed text-lg mb-5 text-left wp-paragraph\">\n<p>\u00c7ocuklar\u0131n \u00c7evrimi\u00e7i Gizlili\u011finin Korunmas\u0131 Yasas\u0131 (COPPA), 13 ya\u015f\u0131n alt\u0131ndaki \u00e7ocuklar\u0131n ki\u015fisel bilgilerini korumak i\u00e7in tasarlanm\u0131\u015f federal bir yasad\u0131r. Bu yasa, \u00e7ocuklar\u0131 do\u011frudan hedef alan veya bu ya\u015f grubundaki kullan\u0131c\u0131lardan bilerek veri toplayan dijital platformlar i\u00e7in ge\u00e7erlidir.<\/p>\n<\/div><div class=\"mx-5 sm:mx-0 prose leading-relaxed text-lg mb-5 text-left wp-paragraph\">\n<p>Clarifyou olarak, 13 ya\u015f\u0131n alt\u0131ndaki \u00e7ocuklardan bilerek ki\u015fisel veri toplam\u0131yoruz. Ancak, sundu\u011fumuz herhangi bir i\u00e7erik daha gen\u00e7 kullan\u0131c\u0131lara y\u00f6nelikse, COPPA ile uyumlu kalmak i\u00e7in gerekli t\u00fcm ad\u0131mlar\u0131 at\u0131yoruz.<\/p>\n<\/div><!--advertisement--><div class=\"mx-5 sm:mx-0 sm:text-3xl text-2xl font-medium title-font mb-4 text-gray-900 text-left\">\n<h4 class=\"wp-block-heading\">COPPA Taahh\u00fctlerimiz:<\/h4>\n<\/div><div class=\"mx-5 sm:mx-0 prose text-left mb-5\">\n<ul><div class=\"mx-5 sm:mx-0 prose text-left mb-5\">\n<li>13 ya\u015f\u0131n alt\u0131ndaki \u00e7ocuklardan herhangi bir ki\u015fisel bilgi toplamadan \u00f6nce do\u011frulanm\u0131\u015f ebeveyn onay\u0131 al\u0131n<\/li>\n<\/div>\n\n<div class=\"mx-5 sm:mx-0 prose text-left mb-5\">\n<li>Yaln\u0131zca gerekli bilgileri toplay\u0131n ve gerekenden fazlas\u0131n\u0131 toplamaktan ka\u00e7\u0131n\u0131n<\/li>\n<\/div>\n\n<div class=\"mx-5 sm:mx-0 prose text-left mb-5\">\n<li>Ebeveynlerin veya velilerin, talep \u00fczerine \u00e7ocuklar\u0131n\u0131n verilerini incelemelerine, de\u011fi\u015ftirmelerine veya silmelerine izin verin<\/li>\n<\/div>\n\n<div class=\"mx-5 sm:mx-0 prose text-left mb-5\">\n<li>\u00c7ocuklara y\u00f6nelik herhangi bir i\u00e7erikte a\u00e7\u0131k ve anla\u015f\u0131l\u0131r gizlilik bildirimleri g\u00f6sterin<\/li>\n<\/div><\/ul>\n<\/div><div class=\"mx-5 sm:mx-0 prose leading-relaxed text-lg mb-5 text-left wp-paragraph\">\n<p>Ebeveyn veya yasal vasiyseniz ve \u00e7ocu\u011funuzun bilgilerinin Clarifyou arac\u0131l\u0131\u011f\u0131yla uygun onay\u0131n\u0131z olmadan topland\u0131\u011f\u0131ndan \u015f\u00fcpheleniyorsan\u0131z, l\u00fctfen bizimle ileti\u015fime ge\u00e7menizi rica ederiz; b\u00f6ylece derhal ara\u015ft\u0131rabilir ve gerekirse verileri kald\u0131rabiliriz.<\/p>\n<\/div><!--advertisement--><div class=\"mx-5 sm:mx-0 sm:text-3xl text-2xl font-medium title-font mb-4 text-gray-900 text-left\">\n<h3 class=\"wp-block-heading\">Uyumlulu\u011fu Nas\u0131l Koruyoruz?<\/h3>\n<\/div><div class=\"mx-5 sm:mx-0 prose leading-relaxed text-lg mb-5 text-left wp-paragraph\">\n<p>ABD veri gizlili\u011fi yasalar\u0131na uymak i\u00e7in, a\u00e7\u0131kl\u0131k, hesap verebilirlik ve kullan\u0131c\u0131 yetkilendirmesine odaklanan bir \u00e7er\u00e7eve s\u00fcrd\u00fcr\u00fcyoruz. Clarifyou&#039;nun toplad\u0131\u011f\u0131 veri t\u00fcrleri genellikle kullan\u0131m istatistikleri, taray\u0131c\u0131 t\u00fcrleri ve uygulama i\u00e7eri\u011fiyle etkile\u015fimler gibi i\u015flevsel ve teknik bilgilerle s\u0131n\u0131rl\u0131d\u0131r; ancak toplanan t\u00fcm verileri \u00fcst d\u00fczey bir \u00f6zenle ele al\u0131yoruz.<\/p>\n<\/div><div class=\"mx-5 sm:mx-0 prose leading-relaxed text-lg mb-5 text-left wp-paragraph\">\n<p>Clarifyou&#039;yu ziyaret etti\u011finizde bilin\u00e7li se\u00e7imler yapman\u0131za yard\u0131mc\u0131 olmaya kararl\u0131y\u0131z. Verilerinizle ilgili sorular\u0131n\u0131z varsa veya gizlilikle ilgili bir talepte bulunmak isterseniz, l\u00fctfen bizimle \u015fu adresten ileti\u015fime ge\u00e7in: <a style=\" color:;\" href=\"https:\/\/clarifyou.com\/tr\/contact\/\">https:\/\/clarifyou.com\/contact<\/a>.&nbsp;<\/p>\n<\/div><div class=\"mx-5 sm:mx-0 prose leading-relaxed text-lg mb-5 text-left wp-paragraph\">\n<p>VII. GDPR Kapsam\u0131ndaki Veri Koruma Haklar\u0131<\/p>\n<\/div><div class=\"mx-5 sm:mx-0 prose leading-relaxed text-lg mb-5 text-left wp-paragraph\">\n<p>Avrupa Ekonomik Alan\u0131&#039;nda (AEA) ikamet eden bireyler i\u00e7in Clarifyou, Genel Veri Koruma Y\u00f6netmeli\u011fi (GDPR) kapsam\u0131nda verilen t\u00fcm haklara sayg\u0131 g\u00f6sterir. Ki\u015fisel verilerin nas\u0131l i\u015flendi\u011fi konusunda tam \u015feffafl\u0131k sa\u011flamay\u0131 ve kullan\u0131c\u0131lar\u0131n bilgileri \u00fczerinde etkili kontrole sahip olmalar\u0131n\u0131 sa\u011flamay\u0131 taahh\u00fct ediyoruz. S\u00fcre\u00e7lerimiz, adalet, hesap verebilirlik ve kullan\u0131c\u0131 yetkilendirmesi de dahil olmak \u00fczere GDPR ilkelerini yans\u0131tacak \u015fekilde tasarlanm\u0131\u015ft\u0131r.<\/p>\n<\/div><div class=\"mx-5 sm:mx-0 prose leading-relaxed text-lg mb-5 text-left wp-paragraph\">\n<p>GDPR&#039;de tan\u0131mland\u0131\u011f\u0131 gibi, kullan\u0131c\u0131lar verileriyle ilgili olarak \u00e7e\u015fitli haklara sahiptir ve biz bunlar\u0131 tam olarak destekliyor ve kolayla\u015ft\u0131r\u0131yoruz. Bu haklar aras\u0131nda, toplad\u0131\u011f\u0131m\u0131z ki\u015fisel verilerin bir kopyas\u0131n\u0131 talep etme, bu verilerdeki hatalar\u0131 veya yanl\u0131\u015fl\u0131klar\u0131 d\u00fczeltme ve belirli durumlarda bilgilerinin sistemlerimizden kal\u0131c\u0131 olarak silinmesini talep etme hakk\u0131 yer al\u0131r. Bu hak genellikle &quot;unutulma hakk\u0131&quot; olarak adland\u0131r\u0131l\u0131r.<\/p>\n<\/div><div class=\"mx-5 sm:mx-0 prose leading-relaxed text-lg mb-5 text-left wp-paragraph\">\n<p>Ayr\u0131ca, kullan\u0131c\u0131lar, \u00f6zellikle verilerinin do\u011frulu\u011fu veya nas\u0131l kullan\u0131ld\u0131\u011f\u0131 konusunda endi\u015feler oldu\u011funda, verilerinin silinmesi yerine i\u015flenmesinin ge\u00e7ici olarak k\u0131s\u0131tlanmas\u0131n\u0131 talep edebilirler. Ayr\u0131ca, \u00f6zellikle tan\u0131t\u0131m ama\u00e7l\u0131 ileti\u015fimler veya gereksiz g\u00f6r\u00fclen kullan\u0131mlarla ilgili oldu\u011funda, belirli veri i\u015fleme t\u00fcrlerine itiraz etme hakk\u0131na da sahiptirler. Teknik olarak m\u00fcmk\u00fcn oldu\u011fu durumlarda, kullan\u0131c\u0131lar ki\u015fisel verilerinin standart bir dijital formatta sa\u011flanmas\u0131n\u0131 veya tercih ettikleri ba\u015fka bir hizmet sa\u011flay\u0131c\u0131ya aktar\u0131lmas\u0131n\u0131 talep edebilirler.<\/p>\n<\/div><div class=\"mx-5 sm:mx-0 prose leading-relaxed text-lg mb-5 text-left wp-paragraph\">\n<p>Clarifyou, GDPR ile ilgili taleplere h\u0131zl\u0131 ve eksiksiz yan\u0131t vermeyi taahh\u00fct eder. Yasal veya operasyonel sorunlardan kaynaklanmad\u0131\u011f\u0131 s\u00fcrece, ge\u00e7erli talepleri 30 g\u00fcn i\u00e7inde yan\u0131tlamay\u0131 hedefliyoruz. GDPR kapsam\u0131nda bir talepte bulunmak veya bilgilerinizin nas\u0131l kullan\u0131ld\u0131\u011f\u0131 konusunda endi\u015feleriniz varsa, l\u00fctfen resmi destek kanal\u0131m\u0131z arac\u0131l\u0131\u011f\u0131yla bizimle ileti\u015fime ge\u00e7in:<a style=\" color:;\" href=\"https:\/\/todayinformatica.com.br\/contato\"> <\/a><a style=\" color:;\" href=\"https:\/\/clarifyou.com\/tr\/contact\/\">https:\/\/clarifyou.com\/contact\/<\/a>Ekibimiz haklar\u0131n\u0131z\u0131n korunmas\u0131n\u0131 sa\u011flamak ve size yard\u0131mc\u0131 olmak i\u00e7in haz\u0131rd\u0131r.<\/p>\n<\/div><!--advertisement--><div class=\"mx-5 sm:mx-0 sm:text-3xl text-2xl font-medium title-font mb-4 text-gray-900 text-left\">\n<h2 class=\"wp-block-heading\">VIII. Gizlilik Politikam\u0131zda Gelecekteki D\u00fczenlemeler<\/h2>\n<\/div><div class=\"mx-5 sm:mx-0 prose leading-relaxed text-lg mb-5 text-left wp-paragraph\">\n<p>Clarifyou yeni \u00f6zellikler geli\u015ftirdik\u00e7e, sistemlerini iyile\u015ftirdik\u00e7e veya teknolojideki de\u011fi\u015fikliklere uyum sa\u011flad\u0131k\u00e7a, bu Gizlilik Politikas\u0131 g\u00fcncel uygulamalar\u0131 yans\u0131tacak \u015fekilde g\u00fcncellenebilir. Ayr\u0131ca, veri i\u015fleme yakla\u015f\u0131m\u0131m\u0131z\u0131 a\u00e7\u0131kl\u0131\u011fa kavu\u015fturmak veya de\u011fi\u015fen gizlilik beklentilerine yan\u0131t vermek i\u00e7in de g\u00fcncellemeler yap\u0131labilir.<\/p>\n<\/div><div class=\"mx-5 sm:mx-0 prose leading-relaxed text-lg mb-5 text-left wp-paragraph\">\n<p>Bu politika revize edildi\u011finde, en son s\u00fcr\u00fcm bu sayfada yay\u0131nlanacakt\u0131r. De\u011fi\u015fiklikler ki\u015fisel verilerinizi kullanma veya y\u00f6netme \u015feklimizi etkilerse, bilgi sahibi olman\u0131z i\u00e7in bunlar\u0131 a\u00e7\u0131k\u00e7a bildirece\u011fiz.<\/p>\n<\/div><div class=\"mx-5 sm:mx-0 prose leading-relaxed text-lg mb-5 text-left wp-paragraph\">\n<p>G\u00fcncel kalmak i\u00e7in bu sayfay\u0131 zaman zaman g\u00f6zden ge\u00e7irmenizi \u00f6neririz. Herhangi bir g\u00fcncellemeden sonra siteyi kullanmaya devam etmeniz, revize edilmi\u015f \u015fartlar\u0131 kabul etti\u011finiz anlam\u0131na gelir. Herhangi bir noktada de\u011fi\u015fiklikler tercihlerinizle art\u0131k uyu\u015fmuyorsa, platformu kullanmay\u0131 b\u0131rakabilirsiniz.<\/p>\n<\/div><!--advertisement--><div class=\"mx-5 sm:mx-0 sm:text-3xl text-2xl font-medium title-font mb-4 text-gray-900 text-left\">\n<h2 class=\"wp-block-heading\">IX. \u0130leti\u015fim Bilgilerimiz<\/h2>\n<\/div><div class=\"mx-5 sm:mx-0 prose leading-relaxed text-lg mb-5 text-left wp-paragraph\">\n<p>Bu Gizlilik Politikas\u0131 veya ki\u015fisel verileri nas\u0131l y\u00f6netti\u011fimiz hakk\u0131nda sorular\u0131n\u0131z varsa, istedi\u011finiz zaman ileti\u015fim formumuz arac\u0131l\u0131\u011f\u0131yla bize ula\u015fabilirsiniz. <a style=\" color:;\" href=\"https:\/\/clarifyou.com\/tr\/contact\/\">https:\/\/clarifyou.com\/contact<\/a>.&nbsp;<\/p>\n<\/div><div class=\"mx-5 sm:mx-0 prose leading-relaxed text-lg mb-5 text-left wp-paragraph\">\n<p>Ekibimiz, gizlilik, veri kullan\u0131m\u0131 veya kullan\u0131c\u0131 haklar\u0131n\u0131zla ilgili t\u00fcm sorular\u0131n\u0131zda size yard\u0131mc\u0131 olmaya haz\u0131rd\u0131r. Bilgilerinizin \u00f6zenle ve \u015feffaf bir \u015fekilde i\u015flenmesini sa\u011flamak i\u00e7in net yan\u0131tlar ve zaman\u0131nda destek sunmaya kararl\u0131y\u0131z.<\/p>\n<\/div><div class=\"mx-5 sm:mx-0 prose leading-relaxed text-lg mb-5 text-left wp-paragraph\">\n<p>RubikTech O\u00dc<\/p>\n<\/div><div class=\"mx-5 sm:mx-0 prose leading-relaxed text-lg mb-5 text-left wp-paragraph\">\n<p>Sicil Kodu: 16826788<\/p>\n<\/div><div class=\"mx-5 sm:mx-0 prose leading-relaxed text-lg mb-5 text-left wp-paragraph\">\n<p>Tallinn, Sepapaja 6, 15551<\/p>\n<\/div><div class=\"mx-5 sm:mx-0 prose leading-relaxed text-lg mb-5 text-left wp-paragraph\">\n<p>Harju, Estonya.<\/p>\n<\/div><div class=\"mx-5 sm:mx-0 prose leading-relaxed text-lg mb-5 text-left wp-paragraph\">\n<p><\/p>\n<\/div>","protected":false},"excerpt":{"rendered":"<p>12 Kas\u0131m 2025 tarihinde g\u00fcncellendi. Giri\u015f ve Genel Bak\u0131\u015f Clarifyou, tamamen sigorta, poli\u00e7e anlay\u0131\u015f\u0131 ve finansal koruma se\u00e7eneklerine odaklanan, eri\u015filebilir, ara\u015ft\u0131rmaya dayal\u0131 i\u00e7erik sunan ba\u011f\u0131ms\u0131z bir platformdur. Web sitemiz https:\/\/clarifyou.com\/ arac\u0131l\u0131\u011f\u0131yla, sa\u011fl\u0131k planlar\u0131n\u0131 ara\u015ft\u0131r\u0131yor veya sigorta se\u00e7eneklerinizi inceliyor olsan\u0131z da, sigorta se\u00e7eneklerinizi anlaman\u0131za yard\u0131mc\u0131 olmak i\u00e7in tasarlanm\u0131\u015f ayr\u0131nt\u0131l\u0131 k\u0131lavuzlar, zaman kazand\u0131ran ipu\u00e7lar\u0131 ve net nas\u0131l yap\u0131l\u0131r k\u0131lavuzlar\u0131 bulacaks\u0131n\u0131z\u2026 <a class=\"more-link\" href=\"https:\/\/clarifyou.com\/tr\/privacy\/\">Okumaya devam et <span class=\"screen-reader-text\">Clarif You Gizlilik Politikas\u0131<\/span><\/a><\/p>","protected":false},"author":1,"featured_media":0,"parent":0,"menu_order":0,"comment_status":"closed","ping_status":"open","template":"","meta":{"footnotes":""},"yoast_head":"<!-- This site is optimized with the Yoast SEO Premium plugin v18.7 (Yoast SEO v19.1) - https:\/\/yoast.com\/wordpress\/plugins\/seo\/ -->\n<title>Clarif You Privacy Policy - Clarif You<\/title>\n<meta name=\"robots\" content=\"index, follow, max-snippet:-1, max-image-preview:large, max-video-preview:-1\" \/>\n<link rel=\"canonical\" href=\"https:\/\/clarifyou.com\/tr\/privacy\/\" \/>\n<meta property=\"og:locale\" content=\"tr_TR\" \/>\n<meta property=\"og:type\" content=\"article\" \/>\n<meta property=\"og:title\" content=\"Clarif You Privacy Policy\" \/>\n<meta property=\"og:description\" content=\"Updated on November 12, 2025. Introduction and Overview Clarifyou is an independent platform offering accessible, research-based content focused entirely on insurance, policy understanding, and financial protection options. Through our website https:\/\/clarifyou.com\/, you\u2019ll find detailed guides, time-saving tips, and clear how-tos designed to help you understand your insurance choices \u2014 whether you\u2019re exploring health plans, reviewing&hellip; Continue reading Clarif You Privacy Policy\" \/>\n<meta property=\"og:url\" content=\"https:\/\/clarifyou.com\/tr\/privacy\/\" \/>\n<meta property=\"og:site_name\" content=\"Clarif You\" \/>\n<meta property=\"article:modified_time\" content=\"2025-11-12T17:58:15+00:00\" \/>\n<meta name=\"twitter:card\" content=\"summary_large_image\" \/>\n<meta name=\"twitter:label1\" content=\"Est. reading time\" \/>\n\t<meta name=\"twitter:data1\" content=\"23 dakika\" \/>\n<script type=\"application\/ld+json\" class=\"yoast-schema-graph\">{\"@context\":\"https:\/\/schema.org\",\"@graph\":[{\"@type\":\"WebSite\",\"@id\":\"https:\/\/clarifyou.com\/#website\",\"url\":\"https:\/\/clarifyou.com\/\",\"name\":\"Clarif You\",\"description\":\"\",\"potentialAction\":[{\"@type\":\"SearchAction\",\"target\":{\"@type\":\"EntryPoint\",\"urlTemplate\":\"https:\/\/clarifyou.com\/?s={search_term_string}\"},\"query-input\":\"required name=search_term_string\"}],\"inLanguage\":\"tr\"},{\"@type\":\"WebPage\",\"@id\":\"https:\/\/clarifyou.com\/privacy\/#webpage\",\"url\":\"https:\/\/clarifyou.com\/privacy\/\",\"name\":\"Clarif You Privacy Policy - Clarif You\",\"isPartOf\":{\"@id\":\"https:\/\/clarifyou.com\/#website\"},\"datePublished\":\"2023-12-14T18:05:33+00:00\",\"dateModified\":\"2025-11-12T17:58:15+00:00\",\"breadcrumb\":{\"@id\":\"https:\/\/clarifyou.com\/privacy\/#breadcrumb\"},\"inLanguage\":\"tr\",\"potentialAction\":[{\"@type\":\"ReadAction\",\"target\":[\"https:\/\/clarifyou.com\/privacy\/\"]}]},{\"@type\":\"BreadcrumbList\",\"@id\":\"https:\/\/clarifyou.com\/privacy\/#breadcrumb\",\"itemListElement\":[{\"@type\":\"ListItem\",\"position\":1,\"name\":\"Home\",\"item\":\"https:\/\/clarifyou.com\/\"},{\"@type\":\"ListItem\",\"position\":2,\"name\":\"Clarif You Privacy Policy\"}]}]}<\/script>\n<!-- \/ Yoast SEO Premium plugin. -->","yoast_head_json":{"title":"Clarif You Privacy Policy - Clarif You","robots":{"index":"index","follow":"follow","max-snippet":"max-snippet:-1","max-image-preview":"max-image-preview:large","max-video-preview":"max-video-preview:-1"},"canonical":"https:\/\/clarifyou.com\/tr\/privacy\/","og_locale":"tr_TR","og_type":"article","og_title":"Clarif You Privacy Policy","og_description":"Updated on November 12, 2025. Introduction and Overview Clarifyou is an independent platform offering accessible, research-based content focused entirely on insurance, policy understanding, and financial protection options. Through our website https:\/\/clarifyou.com\/, you\u2019ll find detailed guides, time-saving tips, and clear how-tos designed to help you understand your insurance choices \u2014 whether you\u2019re exploring health plans, reviewing&hellip; Continue reading Clarif You Privacy Policy","og_url":"https:\/\/clarifyou.com\/tr\/privacy\/","og_site_name":"Clarif You","article_modified_time":"2025-11-12T17:58:15+00:00","twitter_card":"summary_large_image","twitter_misc":{"Est. reading time":"23 dakika"},"schema":{"@context":"https:\/\/schema.org","@graph":[{"@type":"WebSite","@id":"https:\/\/clarifyou.com\/#website","url":"https:\/\/clarifyou.com\/","name":"Clarif You","description":"","potentialAction":[{"@type":"SearchAction","target":{"@type":"EntryPoint","urlTemplate":"https:\/\/clarifyou.com\/?s={search_term_string}"},"query-input":"required name=search_term_string"}],"inLanguage":"tr"},{"@type":"WebPage","@id":"https:\/\/clarifyou.com\/privacy\/#webpage","url":"https:\/\/clarifyou.com\/privacy\/","name":"Clarif You Privacy Policy - Clarif You","isPartOf":{"@id":"https:\/\/clarifyou.com\/#website"},"datePublished":"2023-12-14T18:05:33+00:00","dateModified":"2025-11-12T17:58:15+00:00","breadcrumb":{"@id":"https:\/\/clarifyou.com\/privacy\/#breadcrumb"},"inLanguage":"tr","potentialAction":[{"@type":"ReadAction","target":["https:\/\/clarifyou.com\/privacy\/"]}]},{"@type":"BreadcrumbList","@id":"https:\/\/clarifyou.com\/privacy\/#breadcrumb","itemListElement":[{"@type":"ListItem","position":1,"name":"Home","item":"https:\/\/clarifyou.com\/"},{"@type":"ListItem","position":2,"name":"Clarif You Privacy Policy"}]}]}},"_links":{"self":[{"href":"https:\/\/clarifyou.com\/tr\/wp-json\/wp\/v2\/pages\/3"}],"collection":[{"href":"https:\/\/clarifyou.com\/tr\/wp-json\/wp\/v2\/pages"}],"about":[{"href":"https:\/\/clarifyou.com\/tr\/wp-json\/wp\/v2\/types\/page"}],"author":[{"embeddable":true,"href":"https:\/\/clarifyou.com\/tr\/wp-json\/wp\/v2\/users\/1"}],"replies":[{"embeddable":true,"href":"https:\/\/clarifyou.com\/tr\/wp-json\/wp\/v2\/comments?post=3"}],"version-history":[{"count":0,"href":"https:\/\/clarifyou.com\/tr\/wp-json\/wp\/v2\/pages\/3\/revisions"}],"wp:attachment":[{"href":"https:\/\/clarifyou.com\/tr\/wp-json\/wp\/v2\/media?parent=3"}],"curies":[{"name":"wp","href":"https:\/\/api.w.org\/{rel}","templated":true}]}}