{"id":246,"date":"2024-02-06T14:57:59","date_gmt":"2024-02-06T14:57:59","guid":{"rendered":"https:\/\/clarifyou.com\/?page_id=246"},"modified":"2025-11-12T18:06:46","modified_gmt":"2025-11-12T18:06:46","slug":"terms","status":"publish","type":"page","link":"https:\/\/clarifyou.com\/tr\/terms\/","title":{"rendered":"ClarifYou Web Sitesi Kullan\u0131m \u015eartlar\u0131"},"content":{"rendered":"<div class=\"mx-5 sm:mx-0 prose leading-relaxed text-lg mb-5 text-left wp-paragraph\">\n<p>12 Kas\u0131m 2025 tarihinde g\u00fcncellendi.<\/p>\n<\/div><div class=\"mx-5 sm:mx-0 prose leading-relaxed text-lg mb-5 text-left wp-paragraph\">\n<p>Clarifyou, \u015fu adreste bulunan \u00e7evrimi\u00e7i platformu i\u015fletmektedir: <a style=\" color:;\" href=\"https:\/\/clarifyou.com\/tr\/\">https:\/\/clarifyou.com\/<\/a>Sigorta bilgileri, teminat t\u00fcrleri, poli\u00e7e kar\u015f\u0131la\u015ft\u0131rmalar\u0131 ve pratik finansal rehberli\u011fe odaklanan, ba\u011f\u0131ms\u0131z olarak yaz\u0131lm\u0131\u015f ve ara\u015ft\u0131rmaya dayal\u0131 i\u00e7erikler sunan makalelerimiz, okuyucular\u0131n karma\u015f\u0131k sigorta d\u00fcnyas\u0131nda net bir \u015fekilde gezinmelerine yard\u0131mc\u0131 olmak \u00fczere tasarlanm\u0131\u015ft\u0131r ve do\u011frulanm\u0131\u015f, resmi kaynaklardan edinilebilen sa\u011fl\u0131k, otomobil, hayat, ev ve seyahat sigortas\u0131 gibi konular\u0131 ele almaktad\u0131r.<\/p>\n<\/div><div class=\"mx-5 sm:mx-0 prose leading-relaxed text-lg mb-5 text-left wp-paragraph\">\n<p>Sigorta se\u00e7eneklerinizi etkili bir \u015fekilde nas\u0131l de\u011ferlendirece\u011finizi, kar\u015f\u0131la\u015ft\u0131raca\u011f\u0131n\u0131z\u0131 ve y\u00f6netece\u011finizi anlaman\u0131n, daha bilin\u00e7li ve g\u00fcvenli kararlar alman\u0131z\u0131 sa\u011flayaca\u011f\u0131na inan\u0131yoruz. \u0130ster sa\u011fl\u0131k sigortas\u0131 ara\u015ft\u0131r\u0131yor, ister seyahat sigortas\u0131 se\u00e7eneklerini inceliyor, ister ara\u00e7 sigortas\u0131n\u0131 kar\u015f\u0131la\u015ft\u0131r\u0131yor veya hayat sigortas\u0131 poli\u00e7eleri hakk\u0131nda bilgi ediniyor olun, Clarifyou sigorta terimlerini ve avantajlar\u0131n\u0131 pratik bir \u015fekilde anlaman\u0131za yard\u0131mc\u0131 olacak eri\u015filebilir bilgiler sunar. Misyonumuz, sigorta d\u00fcnyas\u0131n\u0131 ihtiya\u00e7lar\u0131na uygun teminat arayan herkes i\u00e7in daha \u015feffaf, g\u00fcvenilir ve ger\u00e7ekten faydal\u0131 hale getirmektir.<\/p>\n<\/div><div class=\"mx-5 sm:mx-0 prose leading-relaxed text-lg mb-5 text-left wp-paragraph\">\n<p>Bu platformda yay\u0131nlanan t\u00fcm i\u00e7erikler, Clarifyou&#039;nun ba\u011f\u0131ms\u0131z edit\u00f6r ekibi taraf\u0131ndan geli\u015ftirilmi\u015ftir. Ad\u0131m ad\u0131m poli\u00e7e k\u0131lavuzlar\u0131ndan pratik e\u011fitimlere, teminat da\u011f\u0131l\u0131mlar\u0131ndan derinlemesine kar\u015f\u0131la\u015ft\u0131rmalara kadar, okudu\u011funuz her \u015fey marka etkisi olmadan olu\u015fturulmu\u015f, \u00f6zenle incelenmi\u015f ve kalabal\u0131k bir pazarda g\u00fcvenilir ve anla\u015f\u0131l\u0131r bilgi arayan okuyucular i\u00e7in yaz\u0131lm\u0131\u015ft\u0131r. Do\u011frulanm\u0131\u015f verilere ve ger\u00e7ek d\u00fcnya deneyimlerine dayanan net, anla\u015f\u0131l\u0131r ve bilgilendirici i\u00e7erikler sunarak sigorta ara\u015ft\u0131rmalar\u0131ndaki kafa kar\u0131\u015f\u0131kl\u0131\u011f\u0131n\u0131 ortadan kald\u0131rmay\u0131 hedefliyoruz.<\/p>\n<\/div><div class=\"mx-5 sm:mx-0 prose leading-relaxed text-lg mb-5 text-left wp-paragraph\">\n<p>Clarifyou&#039;yu kullanarak, platformumuzda a\u00e7\u0131klanan politikalar\u0131, sorumluluk reddi beyanlar\u0131n\u0131 ve kullan\u0131m ko\u015fullar\u0131n\u0131 kabul etmi\u015f olursunuz. Bu belgede ve web sitemizde &quot;biz&quot;, &quot;bizim&quot; ve &quot;bize&quot; terimleri Clarifyou ve edit\u00f6ryal katk\u0131 sa\u011flay\u0131c\u0131lar\u0131n\u0131 ifade eder.<\/p>\n<\/div><div class=\"mx-5 sm:mx-0 prose leading-relaxed text-lg mb-5 text-left wp-paragraph\">\n<p>Baz\u0131 makalelerimizde t\u00fcketicilerin kullan\u0131m\u0131na a\u00e7\u0131k belirli sigorta \u015firketlerinden, poli\u00e7e t\u00fcrlerinden veya finansal koruma planlar\u0131ndan bahsedilse de, herhangi bir sigorta hizmetini satm\u0131yor, y\u00f6netmiyor veya desteklemiyoruz. \u0130\u00e7eri\u011fimizde ad\u0131 ge\u00e7en hi\u00e7bir sigorta \u015firketi, broker, finans kurulu\u015fu veya d\u00fczenleyici kurulu\u015fla ba\u011flant\u0131m\u0131z bulunmamaktad\u0131r. Clarifyou, fiyat teklifi, finansal tavsiye veya poli\u00e7e \u00f6nerileri sunmaz. Ayr\u0131ca, harici hizmetler i\u00e7in m\u00fc\u015fteri deste\u011fi sunmuyor veya herhangi bir sponsorluk, ortakl\u0131k program\u0131 veya herhangi bir t\u00fcr \u00fccretli tan\u0131t\u0131m ortakl\u0131\u011f\u0131na kat\u0131lm\u0131yoruz.<\/p>\n<\/div><div class=\"mx-5 sm:mx-0 prose leading-relaxed text-lg mb-5 text-left wp-paragraph\">\n<p>\u00c7al\u0131\u015fmalar\u0131m\u0131z tamamen bilgilendirme ama\u00e7l\u0131d\u0131r. Sigorta yap\u0131lar\u0131n\u0131 ve terminolojisini daha iyi anlaman\u0131za yard\u0131mc\u0131 olmak i\u00e7in kamuya a\u00e7\u0131k verilere, do\u011frulanm\u0131\u015f ara\u015ft\u0131rmalara ve uzmanlar taraf\u0131ndan incelenen bilgilere dayanan i\u00e7erikler payla\u015f\u0131yoruz. Belirli bir sigortac\u0131dan, teminat se\u00e7ene\u011finden veya plandan bahsediyorsak, bu yaln\u0131zca tart\u0131\u015f\u0131lan konuyla olan ili\u015fkisini g\u00f6stermek i\u00e7indir. Okuyucular\u0131n, herhangi bir finansal karar vermeden \u00f6nce bilgileri do\u011frudan sa\u011flay\u0131c\u0131n\u0131n resmi web sitesi veya yetkili temsilcileri arac\u0131l\u0131\u011f\u0131yla do\u011frulamalar\u0131 \u00f6nerilir. Clarifyou, herhangi bir sigorta \u00fcr\u00fcn\u00fc, sa\u011flay\u0131c\u0131s\u0131 veya kurulu\u015funa at\u0131fta bulunmak i\u00e7in komisyon, \u00f6deme veya te\u015fvik almaz. T\u00fcm at\u0131flar yaln\u0131zca e\u011fitim ve ba\u011flam ama\u00e7l\u0131d\u0131r.<\/p>\n<\/div><div class=\"mx-5 sm:mx-0 prose leading-relaxed text-lg mb-5 text-left wp-paragraph\">\n<p>Makalelerimiz, sigortay\u0131 daha iyi anlamak isteyen geni\u015f bir okuyucu kitlesi i\u00e7in yaz\u0131lm\u0131\u015ft\u0131r; ilk kez poli\u00e7e ba\u015fvurusunda bulunanlardan, teminatlar\u0131n\u0131 g\u00f6zden ge\u00e7irmek veya de\u011fi\u015ftirmek isteyen deneyimli sigortal\u0131lara kadar. \u0130ster hasar prosed\u00fcrleri hakk\u0131nda bilgi edinmek, ister muafiyetleri anlamak, ister sa\u011flay\u0131c\u0131lar\u0131 kar\u015f\u0131la\u015ft\u0131rmak veya poli\u00e7e g\u00fcncellemelerini takip etmek isteyin, i\u00e7eriklerimiz pratik, tarafs\u0131z ve takip etmesi kolay bilgiler sunmay\u0131 ama\u00e7lamaktad\u0131r. Amac\u0131m\u0131z, her seferinde bir kar\u015f\u0131la\u015ft\u0131rma, inceleme veya g\u00fcncelleme yaparak daha iyi ve bilin\u00e7li kararlar alman\u0131za yard\u0131mc\u0131 olmakt\u0131r.<\/p>\n<\/div><div class=\"mx-5 sm:mx-0 prose leading-relaxed text-lg mb-5 text-left wp-paragraph\">\n<p>Gizlili\u011finize sayg\u0131 duyuyoruz. Web sitemizi ziyaret etti\u011finizde veya web sitemizle etkile\u015fim kurdu\u011funuzda ki\u015fisel verilerinizin nas\u0131l topland\u0131\u011f\u0131n\u0131, sakland\u0131\u011f\u0131n\u0131 ve kullan\u0131ld\u0131\u011f\u0131n\u0131 anlamak i\u00e7in l\u00fctfen Gizlilik Politikam\u0131z\u0131 okuyun. Ge\u00e7erli veri koruma y\u00f6netmeliklerine uyuyor ve bilgilerinizi asla satm\u0131yor veya k\u00f6t\u00fcye kullanm\u0131yoruz.<\/p>\n<\/div><div class=\"mx-5 sm:mx-0 prose leading-relaxed text-lg mb-5 text-left wp-paragraph\">\n<p>Clarifyou, i\u00e7eri\u011fimizi t\u00fcm okuyucular\u0131m\u0131z i\u00e7in \u00fccretsiz tutmam\u0131z\u0131 sa\u011flayan Google AdSense reklamlar\u0131yla desteklenmektedir. Bu reklamlar Google taraf\u0131ndan otomatik olarak yerle\u015ftirilir ve editoryal materyalimizden a\u00e7\u0131k\u00e7a ay\u0131rt edilebilir. Bu reklamlar arac\u0131l\u0131\u011f\u0131yla yap\u0131lan sigorta ba\u015fvurular\u0131 veya y\u00f6nlendirmeler i\u00e7in komisyon alm\u0131yoruz. Editoryal \u00e7al\u0131\u015fmalar\u0131m\u0131z tamamen ba\u011f\u0131ms\u0131zd\u0131r ve ticari etkilerden etkilenmez.<\/p>\n<\/div><div class=\"mx-5 sm:mx-0 prose leading-relaxed text-lg mb-5 text-left wp-paragraph\">\n<p>Platform s\u0131n\u0131rlamalar\u0131 ve ba\u011f\u0131ms\u0131z bir bilgi kayna\u011f\u0131 olarak sorumluluklar\u0131m\u0131z da dahil olmak \u00fczere sitemizin nas\u0131l kullan\u0131lmas\u0131 gerekti\u011fine dair kapsaml\u0131 bir genel bak\u0131\u015f i\u00e7in l\u00fctfen Kullan\u0131m Ko\u015fullar\u0131m\u0131z\u0131 inceleyin. Bu ko\u015fullar, Clarifyou&#039;dan neler bekleyebilece\u011finizi, i\u00e7eri\u011fimizle sorumlu bir \u015fekilde nas\u0131l etkile\u015fim kuraca\u011f\u0131n\u0131z\u0131 ve bir platform olarak neler sunup neler sunmad\u0131\u011f\u0131m\u0131z\u0131 a\u00e7\u0131klamaktad\u0131r.<\/p>\n<\/div><div class=\"mx-5 sm:mx-0 prose leading-relaxed text-lg mb-5 text-left wp-paragraph\">\n<p><strong>Telif Hakk\u0131 Bildirimi:<\/strong> T\u00fcm yaz\u0131l\u0131 i\u00e7erik, yap\u0131 ve materyaller <a style=\" color:;\" href=\"https:\/\/clarifyou.com\/tr\/\">https:\/\/clarifyou.com<\/a>&nbsp; Ge\u00e7erli telif hakk\u0131 yasalar\u0131 kapsam\u0131nda korunmaktad\u0131r. Materyallerimize uygun at\u0131f ve orijinal kayna\u011fa ba\u011flant\u0131 vererek referans verebilir veya al\u0131nt\u0131 yapabilirsiniz. \u0130zinsiz \u00e7o\u011falt\u0131lmas\u0131 veya yeniden da\u011f\u0131t\u0131lmas\u0131 yasakt\u0131r. Makalelerimizde ad\u0131 ge\u00e7en \u00fc\u00e7\u00fcnc\u00fc taraf logolar\u0131, adlar\u0131 veya materyalleri ilgili sahiplerine aittir ve yaln\u0131zca adil kullan\u0131m kapsam\u0131nda kimlik belirleme ve bilgilendirme amac\u0131yla kullan\u0131lmaktad\u0131r.<\/p>\n<\/div><div class=\"mx-5 sm:mx-0 prose leading-relaxed text-lg mb-5 text-left wp-paragraph\">\n<p><strong>L\u00dcTFEN KULLANIM \u015eARTLARIMIZI D\u0130KKATL\u0130CE OKUYUN. BU \u015eARTLARIN HERHANG\u0130 B\u0130R B\u00d6L\u00dcM\u00dcN\u00dc KABUL ETM\u0130YORSANIZ, L\u00dcTFEN SENZIAN&#039;I VEYA H\u0130ZMETLER\u0130NDEN H\u0130\u00c7B\u0130R\u0130N\u0130 KULLANMAYIN.<\/strong><\/p>\n<\/div><!--advertisement--><div class=\"mx-5 sm:mx-0 sm:text-3xl text-2xl font-medium title-font mb-4 text-gray-900 text-left\">\n<h2 class=\"wp-block-heading\">Madde I \u2013 Kullan\u0131c\u0131 S\u00f6zle\u015fmesi<\/h2>\n<\/div><div class=\"mx-5 sm:mx-0 prose leading-relaxed text-lg mb-5 text-left wp-paragraph\">\n<p><strong>1.1 <\/strong>Clarifyou platformuna eri\u015ferek <a style=\" color:;\" href=\"https:\/\/clarifyou.com\/tr\/\">https:\/\/clarifyou.com\/<\/a>Kullan\u0131m Ko\u015fullar\u0131 ve Gizlilik Politikas\u0131&#039;n\u0131 okudu\u011funuzu, anlad\u0131\u011f\u0131n\u0131z\u0131 ve kabul etti\u011finizi onayl\u0131yorsunuz. Bu belgeler, Clarifyou taraf\u0131ndan sa\u011flanan t\u00fcm i\u00e7erik, \u00f6zellik ve hizmetlere eri\u015fiminizi ve bunlarla etkile\u015fiminizi d\u00fczenleyen yasal \u00e7er\u00e7eveyi olu\u015fturmaktad\u0131r.<\/p>\n<\/div><div class=\"mx-5 sm:mx-0 prose leading-relaxed text-lg mb-5 text-left wp-paragraph\">\n<p><strong>1.2 <\/strong>Bu web sitesini kullanarak, ba\u011flay\u0131c\u0131 s\u00f6zle\u015fmeler yapma konusunda yasal olarak yetkili oldu\u011funuzu ve en az 16 ya\u015f\u0131nda oldu\u011funuzu teyit etmi\u015f olursunuz. Platformu kullanmaya devam etmeniz, ge\u00e7erli t\u00fcm h\u00fck\u00fcm, politika ve ko\u015fullar\u0131 bilin\u00e7li ve g\u00f6n\u00fcll\u00fc olarak kabul etti\u011finiz anlam\u0131na gelir.<\/p>\n<\/div><div class=\"mx-5 sm:mx-0 prose leading-relaxed text-lg mb-5 text-left wp-paragraph\">\n<p><strong>1.3 <\/strong>Gerekli uygunluk kriterlerini kar\u015f\u0131lam\u0131yorsan\u0131z veya Kullan\u0131m Ko\u015fullar\u0131 veya Gizlilik Politikas\u0131&#039;n\u0131n herhangi bir b\u00f6l\u00fcm\u00fcn\u00fc kabul etmiyorsan\u0131z, Clarifyou web sitesini ve ilgili t\u00fcm hizmetleri, ara\u00e7lar\u0131 ve i\u00e7eri\u011fi kullanmay\u0131 derhal b\u0131rakmal\u0131s\u0131n\u0131z.<\/p>\n<\/div><!--advertisement--><div class=\"mx-5 sm:mx-0 sm:text-3xl text-2xl font-medium title-font mb-4 text-gray-900 text-left\">\n<h2 class=\"wp-block-heading\">Madde II \u2013 \u0130leti\u015fim ve Destek<\/h2>\n<\/div><div class=\"mx-5 sm:mx-0 prose leading-relaxed text-lg mb-5 text-left wp-paragraph\">\n<p><strong>2.1 <\/strong>Clarifyou, platform ve platformdaki bilgi i\u00e7eri\u011fi hakk\u0131nda yard\u0131m arayan, geri bildirim g\u00f6nderen veya soru soran kullan\u0131c\u0131lara \u00f6zel ileti\u015fim kanallar\u0131 sunmaktad\u0131r.<\/p>\n<\/div><div class=\"mx-5 sm:mx-0 prose leading-relaxed text-lg mb-5 text-left wp-paragraph\">\n<p><strong>2.2<\/strong> Destek talepleri, sorun bildirimleri veya genel \u00f6neriler i\u00e7in kullan\u0131c\u0131lar\u0131n resmi ileti\u015fim formumuz arac\u0131l\u0131\u011f\u0131yla bizimle ileti\u015fime ge\u00e7meleri te\u015fvik edilmektedir. <a style=\" color:;\" href=\"https:\/\/clarifyou.com\/tr\/contact\/\">https:\/\/clarifyou.com\/contact<\/a>Bu formu kullanman\u0131z, mesaj\u0131n\u0131z\u0131n do\u011fru bir \u015fekilde iletilmesini ve ekibimizin verimli ve do\u011fru bir \u015fekilde yan\u0131t vermesini sa\u011flar.<\/p>\n<\/div><!--advertisement--><div class=\"mx-5 sm:mx-0 sm:text-3xl text-2xl font-medium title-font mb-4 text-gray-900 text-left\">\n<h2 class=\"wp-block-heading\">Madde III \u2013 Kullan\u0131c\u0131 ve Platform Sorumluluklar\u0131<\/h2>\n<\/div><div class=\"mx-5 sm:mx-0 prose leading-relaxed text-lg mb-5 text-left wp-paragraph\">\n<p><strong>3.1 <\/strong>Clarifyou platformuna eri\u015fen t\u00fcm kullan\u0131c\u0131lar\u0131n, web sitesiyle etkile\u015fime devam etmeden \u00f6nce Kullan\u0131m Ko\u015fullar\u0131 ve Gizlilik Politikas\u0131&#039;n\u0131 incelemeleri ve kabul etmeleri gerekmektedir. Her kullan\u0131c\u0131, platformun herhangi bir b\u00f6l\u00fcm\u00fc ve ilgili \u00f6zellikleriyle etkile\u015fim kurarken bu belgelerde belirtilen \u015fartlar\u0131 anlamaktan ve bunlara uymaktan bireysel olarak sorumludur.<\/p>\n<\/div><div class=\"mx-5 sm:mx-0 prose leading-relaxed text-lg mb-5 text-left wp-paragraph\">\n<p><strong>3.2<\/strong> Clarifyou, kullan\u0131c\u0131lara kolayl\u0131k sa\u011flamak amac\u0131yla harici web sitelerine veya dijital hizmetlere k\u00f6pr\u00fcler ekleyebilir. Bu \u00fc\u00e7\u00fcnc\u00fc taraf ba\u011flant\u0131lar\u0131 yaln\u0131zca bilgilendirme ama\u00e7l\u0131d\u0131r. Clarifyou, at\u0131fta bulunulabilecek hi\u00e7bir \u00fc\u00e7\u00fcnc\u00fc taraf i\u00e7erik, hizmet veya platformun sahibi, i\u015fletmecisi, sponsoru veya resmi olarak onaylay\u0131c\u0131s\u0131 de\u011fildir.<\/p>\n<\/div><div class=\"mx-5 sm:mx-0 prose leading-relaxed text-lg mb-5 text-left wp-paragraph\">\n<p><strong>3.3<\/strong> Clarifyou&#039;dan ba\u011flant\u0131s\u0131 verilen herhangi bir harici platforma eri\u015fmeyi veya bu platformlarla etkile\u015fimde bulunmay\u0131 se\u00e7en kullan\u0131c\u0131lar bunu kendi takdirlerine g\u00f6re yaparlar ve s\u00f6z konusu harici kurulu\u015flar\u0131n ge\u00e7erli \u015fartlar\u0131n\u0131, gizlilik uygulamalar\u0131n\u0131 ve g\u00fcvenlik protokollerini inceleme sorumlulu\u011funu tamamen \u00fcstlenirler.<\/p>\n<\/div><div class=\"mx-5 sm:mx-0 prose leading-relaxed text-lg mb-5 text-left wp-paragraph\">\n<p><strong>3.4<\/strong> Clarifyou, herhangi bir \u00fc\u00e7\u00fcnc\u00fc taraf sitesinin i\u015fleyi\u015fi, do\u011frulu\u011fu, veri i\u015fleme uygulamalar\u0131 veya yasal politikalar\u0131 konusunda hi\u00e7bir sorumluluk kabul etmez. Kullan\u0131c\u0131lar ile \u00fc\u00e7\u00fcnc\u00fc taraf hizmetleri aras\u0131nda do\u011fabilecek hi\u00e7bir i\u015flem, ileti\u015fim veya s\u00f6zle\u015fmeye taraf de\u011filiz ve bunlar\u0131 denetlemiyoruz. Bu t\u00fcr etkile\u015fimler tamamen kullan\u0131c\u0131n\u0131n kendi sorumlulu\u011fundad\u0131r.<\/p>\n<\/div><div class=\"mx-5 sm:mx-0 prose leading-relaxed text-lg mb-5 text-left wp-paragraph\">\n<p><strong>3.5 <\/strong>Clarifyou, \u00fccretsiz i\u00e7eriklerin bak\u0131m\u0131n\u0131 ve \u00fcretimini desteklemek i\u00e7in Google AdSense gibi reklam hizmetleri kullanmaktad\u0131r. Portal\u0131m\u0131zdaki reklamlar\u0131n varl\u0131\u011f\u0131 tamamen ticari ama\u00e7l\u0131d\u0131r ve hi\u00e7bir ko\u015fulda Clarifyou ile reklam\u0131 yap\u0131lan markalar, \u00fcr\u00fcnler veya hizmetler aras\u0131nda bir onay, ortakl\u0131k veya editoryal bir ili\u015fki oldu\u011funu g\u00f6stermez. Editoryal i\u00e7eri\u011fimiz, reklamverenlerle herhangi bir etki veya ba\u011flant\u0131 olmaks\u0131z\u0131n ba\u011f\u0131ms\u0131z ve tarafs\u0131z bir \u015fekilde \u00fcretilmektedir. Clarifyou, bu reklamlar arac\u0131l\u0131\u011f\u0131yla eri\u015filen \u00fc\u00e7\u00fcnc\u00fc taraf web sitelerinin i\u00e7eri\u011finden, tekliflerinden veya gizlilik politikalar\u0131ndan sorumlu de\u011fildir. Herhangi bir reklamla etkile\u015fim tamamen kullan\u0131c\u0131n\u0131n sorumlulu\u011fundad\u0131r.<\/p>\n<\/div><div class=\"mx-5 sm:mx-0 prose leading-relaxed text-lg mb-5 text-left wp-paragraph\">\n<p><strong>3.6<\/strong> Clarifyou kullan\u0131c\u0131lar\u0131n ki\u015fisel verilerini do\u011frudan satmasa da, Google AdSense gibi otomatik reklam hizmetlerinin kullan\u0131m\u0131, Kaliforniya T\u00fcketici Gizlili\u011fi Yasas\u0131 (CCPA) ve Kaliforniya Gizlilik Haklar\u0131 Yasas\u0131 (CPRA) gibi baz\u0131 eyalet yasalar\u0131n\u0131n &quot;sat\u0131\u015f&quot; veya &quot;payla\u015f\u0131m&quot; olarak tan\u0131mlayabilece\u011fi, ba\u011flamlar aras\u0131 davran\u0131\u015fsal reklamc\u0131l\u0131k i\u00e7in verilerin payla\u015f\u0131lmas\u0131n\u0131 i\u00e7erebilir. Veri uygulamalar\u0131m\u0131z ve ki\u015fisel bilgilerin &quot;sat\u0131\u015f\u0131&quot; veya &quot;payla\u015f\u0131m\u0131&quot;ndan vazge\u00e7me hakk\u0131 da dahil olmak \u00fczere haklar\u0131n\u0131z\u0131 nas\u0131l kullanaca\u011f\u0131n\u0131z hakk\u0131nda ayr\u0131nt\u0131l\u0131 bilgi i\u00e7in l\u00fctfen kapsaml\u0131 Gizlilik Politikam\u0131z\u0131 inceleyin.<\/p>\n<\/div><div class=\"mx-5 sm:mx-0 prose leading-relaxed text-lg mb-5 text-left wp-paragraph\">\n<p><strong>3.7<\/strong> Kullan\u0131c\u0131lar, k\u00f6t\u00fc ama\u00e7l\u0131 yaz\u0131l\u0131m, kimlik av\u0131, casus yaz\u0131l\u0131m ve yetkisiz eri\u015fim dahil ancak bunlarla s\u0131n\u0131rl\u0131 olmamak \u00fczere siber tehditlere kar\u015f\u0131 cihazlar\u0131n\u0131, ki\u015fisel verilerini ve tarama ortamlar\u0131n\u0131 korumaktan yaln\u0131zca kendileri sorumludur. Clarifyou, do\u011frudan kontrol\u00fcm\u00fcz d\u0131\u015f\u0131ndaki \u00fc\u00e7\u00fcnc\u00fc taraf tehditlerinden veya teknik g\u00fcvenlik a\u00e7\u0131klar\u0131ndan kaynaklanan herhangi bir hasar veya kay\u0131ptan sorumlu de\u011fildir.<\/p>\n<\/div><div class=\"mx-5 sm:mx-0 prose leading-relaxed text-lg mb-5 text-left wp-paragraph\">\n<p><strong>3.8<\/strong> Clarifyou platformunun istikrar\u0131n\u0131 ve g\u00fcvenilirli\u011fini korumak i\u00e7in makul \u00e7abalar g\u00f6sterilse de, kesintisiz ve hatas\u0131z bir \u00e7al\u0131\u015fma garanti edemeyiz. Kullan\u0131c\u0131lar, sistem kesintileri veya k\u00f6t\u00fc niyetli siber sald\u0131r\u0131lar da dahil olmak \u00fczere kontrol\u00fcm\u00fcz d\u0131\u015f\u0131ndaki fakt\u00f6rlerden kaynaklanan hizmet kesintileri, teknik sorunlar veya gecikmeler ya\u015fayabilir. Ortaya \u00e7\u0131kan herhangi bir rahats\u0131zl\u0131ktan veya veri kayb\u0131ndan sorumlu de\u011filiz.<\/p>\n<\/div><div class=\"mx-5 sm:mx-0 prose leading-relaxed text-lg mb-5 text-left wp-paragraph\">\n<p><strong>3.9<\/strong> Clarifyou&#039;ya eri\u015fim \u00fccretsizdir. Bilgilendirici i\u00e7eri\u011fimizin kullan\u0131m\u0131 i\u00e7in ba\u011f\u0131\u015f talep etmiyoruz, abonelik kademeleri sunmuyoruz veya \u00f6deme alm\u0131yoruz. Clarifyou&#039;dan geldi\u011fi iddia edilen herhangi bir \u00f6deme talebi sahtekarl\u0131k olarak de\u011ferlendirilmeli ve derhal bildirilmelidir.<\/p>\n<\/div><div class=\"mx-5 sm:mx-0 prose leading-relaxed text-lg mb-5 text-left wp-paragraph\">\n<p><strong>3.10<\/strong> Kimlik av\u0131, kimli\u011fe b\u00fcr\u00fcnme giri\u015fimleri veya doland\u0131r\u0131c\u0131l\u0131k ama\u00e7l\u0131 ileti\u015fimlere kar\u015f\u0131 korunmak i\u00e7in kullan\u0131c\u0131lar\u0131n dikkatli olmalar\u0131 \u00f6nerilir. \u015e\u00fcpheli ba\u011flant\u0131lara t\u0131klamaktan veya bilinmeyen ekleri indirmekten ka\u00e7\u0131n\u0131n. Clarifyou&#039;dan geldi\u011fini iddia eden ve endi\u015fe verici bir mesaj al\u0131rsan\u0131z, resmi ileti\u015fim formumuz arac\u0131l\u0131\u011f\u0131yla derhal bildirin: <a style=\" color:;\" href=\"https:\/\/clarifyou.com\/tr\/contact\/\">https:\/\/clarifyou.com\/contact<\/a> B\u00f6ylece ekibimiz taraf\u0131ndan incelenebilir.<\/p>\n<\/div><!--advertisement--><div class=\"mx-5 sm:mx-0 sm:text-3xl text-2xl font-medium title-font mb-4 text-gray-900 text-left\">\n<h2 class=\"wp-block-heading\">Madde IV \u2013 Yasaklanm\u0131\u015f Davran\u0131\u015flar<\/h2>\n<\/div><div class=\"mx-5 sm:mx-0 prose leading-relaxed text-lg mb-5 text-left wp-paragraph\">\n<p>G\u00fcvenli, sayg\u0131l\u0131 ve profesyonelce y\u00f6netilen bir ortam sa\u011flamak i\u00e7in Clarifyou, platformunun t\u00fcm alanlar\u0131nda a\u015fa\u011f\u0131daki eylem ve davran\u0131\u015flar\u0131 kesinlikle yasaklamaktad\u0131r:<\/p>\n<\/div><div class=\"mx-5 sm:mx-0 prose leading-relaxed text-lg mb-5 text-left wp-paragraph\">\n<p><strong>Yasad\u0131\u015f\u0131 Faaliyette Bulunmak<\/strong><\/p>\n<\/div><div class=\"mx-5 sm:mx-0 prose leading-relaxed text-lg mb-5 text-left wp-paragraph\">\n<p>Kullan\u0131c\u0131lar, Clarifyou&#039;yu y\u00fcr\u00fcrl\u00fckteki yasalar\u0131 ihlal eden herhangi bir faaliyette bulunmak, bu t\u00fcr faaliyetleri te\u015fvik etmek veya desteklemek i\u00e7in kullanmamal\u0131d\u0131r. Platform, herhangi bir yasa d\u0131\u015f\u0131 davran\u0131\u015f\u0131 kolayla\u015ft\u0131rmak, te\u015fvik etmek veya koordine etmek i\u00e7in kullan\u0131lamaz.<\/p>\n<\/div><div class=\"mx-5 sm:mx-0 prose leading-relaxed text-lg mb-5 text-left wp-paragraph\">\n<p><strong>Yasal Standartlar\u0131n \u0130hlali<\/strong><\/p>\n<\/div><div class=\"mx-5 sm:mx-0 prose leading-relaxed text-lg mb-5 text-left wp-paragraph\">\n<p>T\u00fcm kullan\u0131c\u0131lar\u0131n yerel, ulusal ve uluslararas\u0131 yasa ve d\u00fczenlemelere uymas\u0131 beklenmektedir. Platformu kullan\u0131rken bu standartlar\u0131 ihlal eden her t\u00fcrl\u00fc davran\u0131\u015f, uygun d\u00fczeltici veya yasal \u00f6nlemlerle ele al\u0131nacakt\u0131r.<\/p>\n<\/div><div class=\"mx-5 sm:mx-0 prose leading-relaxed text-lg mb-5 text-left wp-paragraph\">\n<p><strong>Fikri M\u00fclkiyet Haklar\u0131n\u0131n \u0130hlali<\/strong><\/p>\n<\/div><div class=\"mx-5 sm:mx-0 prose leading-relaxed text-lg mb-5 text-left wp-paragraph\">\n<p>Clarifyou&#039;daki t\u00fcm \u00f6zg\u00fcn i\u00e7erikler fikri m\u00fclkiyet yasalar\u0131yla korunmaktad\u0131r. Kullan\u0131c\u0131lar, \u00f6nceden yaz\u0131l\u0131 izin almadan makaleler, grafikler veya tescilli bilgiler dahil olmak \u00fczere hi\u00e7bir materyali kopyalayamaz, \u00e7o\u011faltamaz, de\u011fi\u015ftiremez, da\u011f\u0131tamaz veya yeniden yay\u0131nlayamaz.<\/p>\n<\/div><div class=\"mx-5 sm:mx-0 prose leading-relaxed text-lg mb-5 text-left wp-paragraph\">\n<p><strong>Taciz, Ayr\u0131mc\u0131l\u0131k ve \u0130ftira Davran\u0131\u015flar\u0131<\/strong><\/p>\n<\/div><div class=\"mx-5 sm:mx-0 prose leading-relaxed text-lg mb-5 text-left wp-paragraph\">\n<p>Taciz, nefret s\u00f6ylemi ve her t\u00fcrl\u00fc k\u00f6t\u00fc davran\u0131\u015f kesinlikle yasakt\u0131r. Bu, \u0131rk, etnik k\u00f6ken, cinsiyet, din, cinsel y\u00f6nelim, engellilik veya herhangi bir korunan stat\u00fcye dayal\u0131 olarak bireyleri veya gruplar\u0131 hedef almay\u0131 i\u00e7erir, ancak bunlarla s\u0131n\u0131rl\u0131 de\u011fildir. \u0130ftira niteli\u011finde veya tehdit edici ifadelere m\u00fcsamaha g\u00f6sterilmeyecektir.<\/p>\n<\/div><div class=\"mx-5 sm:mx-0 prose leading-relaxed text-lg mb-5 text-left wp-paragraph\">\n<p><strong>Yanl\u0131\u015f veya Yan\u0131lt\u0131c\u0131 Bilgi Yaymak<\/strong><\/p>\n<\/div><div class=\"mx-5 sm:mx-0 prose leading-relaxed text-lg mb-5 text-left wp-paragraph\">\n<p>Kullan\u0131c\u0131lar, yanl\u0131\u015f, aldat\u0131c\u0131 veya yan\u0131lt\u0131c\u0131 oldu\u011funu bildikleri i\u00e7erikleri payla\u015fmamal\u0131d\u0131r. Yorumlar, mesajlar veya g\u00f6nderiler arac\u0131l\u0131\u011f\u0131yla ger\u00e7ekle\u015fen t\u00fcm etkile\u015fimler, d\u00fcr\u00fcst ve do\u011fru ileti\u015fimi yans\u0131tmal\u0131d\u0131r.<\/p>\n<\/div><div class=\"mx-5 sm:mx-0 prose leading-relaxed text-lg mb-5 text-left wp-paragraph\">\n<p><strong>K\u00f6t\u00fc Ama\u00e7l\u0131 Kodun Yay\u0131lmas\u0131<\/strong><\/p>\n<\/div><div class=\"mx-5 sm:mx-0 prose leading-relaxed text-lg mb-5 text-left wp-paragraph\">\n<p>Herhangi bir k\u00f6t\u00fc ama\u00e7l\u0131 yaz\u0131l\u0131m, casus yaz\u0131l\u0131m, fidye yaz\u0131l\u0131m\u0131, vir\u00fcs veya yetkisiz izleme arac\u0131n\u0131 y\u00fcklemek, bunlara ba\u011flant\u0131 vermek veya da\u011f\u0131tmak kesinlikle yasakt\u0131r. Bu t\u00fcr eylemler, hesab\u0131n\u0131z\u0131n derhal ask\u0131ya al\u0131nmas\u0131na ve yasal sonu\u00e7lara yol a\u00e7abilir.<\/p>\n<\/div><div class=\"mx-5 sm:mx-0 prose leading-relaxed text-lg mb-5 text-left wp-paragraph\">\n<p><strong>Ki\u015fisel Bilgilerin K\u00f6t\u00fcye Kullan\u0131m\u0131<\/strong><\/p>\n<\/div><div class=\"mx-5 sm:mx-0 prose leading-relaxed text-lg mb-5 text-left wp-paragraph\">\n<p>Kullan\u0131c\u0131lar, a\u00e7\u0131k ve yasal izin olmaks\u0131z\u0131n ba\u015fkalar\u0131na ait ki\u015fisel verileri toplayamaz, payla\u015famaz veya k\u00f6t\u00fcye kullanamaz. Platform, t\u00fcm kullan\u0131c\u0131lar\u0131n gizlilik yasalar\u0131na ve veri koruma standartlar\u0131na uymas\u0131n\u0131 gerektirir.<\/p>\n<\/div><div class=\"mx-5 sm:mx-0 prose leading-relaxed text-lg mb-5 text-left wp-paragraph\">\n<p><strong>Sahtekarl\u0131k veya Aldat\u0131c\u0131 Davran\u0131\u015f<\/strong><\/p>\n<\/div><div class=\"mx-5 sm:mx-0 prose leading-relaxed text-lg mb-5 text-left wp-paragraph\">\n<p>Kimlik h\u0131rs\u0131zl\u0131\u011f\u0131, kimlik av\u0131 giri\u015fimleri veya sahte profiller veya ileti\u015fimler olu\u015fturmak yasakt\u0131r. Di\u011fer kullan\u0131c\u0131lar\u0131 veya platformu aldatmaya y\u00f6nelik her t\u00fcrl\u00fc giri\u015fim ciddi bir ihlal olarak de\u011ferlendirilecektir.<\/p>\n<\/div><div class=\"mx-5 sm:mx-0 prose leading-relaxed text-lg mb-5 text-left wp-paragraph\">\n<p><strong>Uygunsuz veya M\u00fcstehcen \u0130\u00e7erik Yay\u0131nlama<\/strong><\/p>\n<\/div><div class=\"mx-5 sm:mx-0 prose leading-relaxed text-lg mb-5 text-left wp-paragraph\">\n<p>A\u00e7\u0131k cinsel i\u00e7erik, grafik \u015fiddet veya sald\u0131rgan, zararl\u0131 veya profesyonel bir ortam i\u00e7in uygunsuz oldu\u011fu d\u00fc\u015f\u00fcn\u00fclen herhangi bir konuyu i\u00e7eren i\u00e7eriklere izin verilmez.<\/p>\n<\/div><div class=\"mx-5 sm:mx-0 prose leading-relaxed text-lg mb-5 text-left wp-paragraph\">\n<p><strong>Platform B\u00fct\u00fcnl\u00fc\u011f\u00fc veya G\u00fcvenli\u011fi ile Oynama<\/strong><\/p>\n<\/div><div class=\"mx-5 sm:mx-0 prose leading-relaxed text-lg mb-5 text-left wp-paragraph\">\n<p>Kullan\u0131c\u0131lar, Clarifyou&#039;nun herhangi bir teknik, g\u00fcvenlik veya operasyonel i\u015flevini hacklemeye, bozmaya, tersine m\u00fchendislik uygulamaya veya devre d\u0131\u015f\u0131 b\u0131rakmaya te\u015febb\u00fcs edemez. Platform altyap\u0131s\u0131n\u0131n herhangi bir b\u00f6l\u00fcm\u00fcne yetkisiz eri\u015fim kesinlikle yasakt\u0131r.<\/p>\n<\/div><div class=\"mx-5 sm:mx-0 prose leading-relaxed text-lg mb-5 text-left wp-paragraph\">\n<p>Yukar\u0131daki davran\u0131\u015f kurallar\u0131ndan herhangi birinin ihlali, platformdan ge\u00e7ici olarak ask\u0131ya al\u0131nman\u0131za veya kal\u0131c\u0131 olarak \u00e7\u0131kar\u0131lman\u0131za neden olabilir. G\u00fcvenlik tehdidi, ciddi zarar veya hukuka ayk\u0131r\u0131 faaliyet i\u00e7eren durumlarda Clarifyou, kolluk kuvvetlerine bildirimde bulunma ve uygun g\u00f6rd\u00fc\u011f\u00fc takdirde yasal i\u015flem ba\u015flatma hakk\u0131n\u0131 sakl\u0131 tutar.<\/p>\n<\/div><!--advertisement--><div class=\"mx-5 sm:mx-0 sm:text-3xl text-2xl font-medium title-font mb-4 text-gray-900 text-left\">\n<h2 class=\"wp-block-heading\">Madde V \u2013 Garanti Reddi ve Sorumlulu\u011fun S\u0131n\u0131rland\u0131r\u0131lmas\u0131<\/h2>\n<\/div><div class=\"mx-5 sm:mx-0 prose leading-relaxed text-lg mb-5 text-left wp-paragraph\">\n<p>Clarifyou, \u00f6zenle haz\u0131rlanm\u0131\u015f ve g\u00fcvenilir bir platform s\u00fcrd\u00fcrmeye kendini adam\u0131\u015ft\u0131r. T\u00fcm materyallerin do\u011fru, g\u00fcncel ve eri\u015filebilir olmas\u0131n\u0131 sa\u011flamak i\u00e7in makul \u00e7abalar g\u00f6sterilse de, platformun her zaman teknik sorunlardan, gecikmelerden, yanl\u0131\u015fl\u0131klardan veya kesintilerden ar\u0131nm\u0131\u015f olaca\u011f\u0131n\u0131 garanti edemeyiz.<\/p>\n<\/div><div class=\"mx-5 sm:mx-0 prose leading-relaxed text-lg mb-5 text-left wp-paragraph\">\n<p>Clarifyou taraf\u0131ndan sa\u011flanan t\u00fcm bilgiler, ara\u00e7lar ve \u00f6zellikler, a\u00e7\u0131k veya z\u0131mni hi\u00e7bir garanti olmaks\u0131z\u0131n &quot;oldu\u011fu gibi&quot; ve &quot;mevcut haliyle&quot; sunulmaktad\u0131r. Bu garantiler, do\u011fruluk, g\u00fcvenilirlik, eksiksizlik, kullan\u0131\u015fl\u0131l\u0131k, pazarlanabilirlik, belirli bir amaca uygunluk veya ihlal edilmeme garantilerini i\u00e7erir, ancak bunlarla s\u0131n\u0131rl\u0131 de\u011fildir. Kullan\u0131c\u0131lar, sa\u011flanan i\u00e7eri\u011fi nas\u0131l yorumlad\u0131klar\u0131ndan, kulland\u0131klar\u0131ndan veya bunlara g\u00f6re nas\u0131l hareket ettiklerinden yaln\u0131zca kendileri sorumludur.<\/p>\n<\/div><div class=\"mx-5 sm:mx-0 prose leading-relaxed text-lg mb-5 text-left wp-paragraph\">\n<p>Platformun herhangi bir b\u00f6l\u00fcm\u00fcn\u00fc, hizmetini veya i\u015flevselli\u011fini kendi takdirimize ba\u011fl\u0131 olarak ve \u00f6nceden bildirimde bulunmaks\u0131z\u0131n g\u00fcncelleme, de\u011fi\u015ftirme, ask\u0131ya alma, k\u0131s\u0131tlama veya durdurma hakk\u0131n\u0131 sakl\u0131 tutar\u0131z. Bu, herhangi bir zamanda i\u00e7erik veya \u00f6zelliklerin eklenmesini, kald\u0131r\u0131lmas\u0131n\u0131 veya revize edilmesini i\u00e7erebilir.<\/p>\n<\/div><div class=\"mx-5 sm:mx-0 prose leading-relaxed text-lg mb-5 text-left wp-paragraph\">\n<p>Clarifyou&#039;ya eri\u015ferek ve kullanarak, bunu g\u00f6n\u00fcll\u00fc olarak ve kendi riskinizle yapars\u0131n\u0131z. Y\u00fcr\u00fcrl\u00fckteki yasalar\u0131n izin verdi\u011fi azami \u00f6l\u00e7\u00fcde, a\u015fa\u011f\u0131daki sorumluluk reddi beyanlar\u0131 ge\u00e7erlidir:<\/p>\n<\/div><div class=\"mx-5 sm:mx-0 prose text-left mb-5\">\n<ul><div class=\"mx-5 sm:mx-0 prose text-left mb-5\">\n<li>Platformun herhangi bir \u00f6zel beklentiyi, ama\u00e7lanan kullan\u0131m durumunu veya bireysel ihtiyac\u0131 kar\u015f\u0131layaca\u011f\u0131n\u0131 garanti etmiyoruz.<\/li>\n<\/div>\n\n<div class=\"mx-5 sm:mx-0 prose text-left mb-5\">\n<li>Platformun kesintisiz eri\u015filebilirli\u011fi veya kusursuz i\u015fleyi\u015fi konusunda hi\u00e7bir garanti vermiyoruz.<\/li>\n<\/div>\n\n<div class=\"mx-5 sm:mx-0 prose text-left mb-5\">\n<li>\u0130\u00e7eri\u011fin her zaman en son yasal, teknik veya toplumsal geli\u015fmeleri yans\u0131taca\u011f\u0131n\u0131 taahh\u00fct etmiyoruz.<\/li>\n<\/div>\n\n<div class=\"mx-5 sm:mx-0 prose text-left mb-5\">\n<li>Sitemizde referans verilen veya ba\u011flant\u0131s\u0131 verilen \u00fc\u00e7\u00fcnc\u00fc taraf hizmetleri, platformlar\u0131 veya web siteleri hakk\u0131nda hi\u00e7bir sorumluluk kabul etmiyoruz.<\/li>\n<\/div>\n\n<div class=\"mx-5 sm:mx-0 prose text-left mb-5\">\n<li>Clarifyou&#039;da bahsi ge\u00e7en harici kaynaklarla ilgili \u00fc\u00e7\u00fcnc\u00fc taraf \u00e7\u0131kt\u0131lar\u0131yla herhangi bir ba\u011flant\u0131m\u0131z veya onay\u0131m\u0131z bulunmamaktad\u0131r.<\/li>\n<\/div><\/ul>\n<\/div><div class=\"mx-5 sm:mx-0 prose leading-relaxed text-lg mb-5 text-left wp-paragraph\">\n<p>Clarifyou (edit\u00f6rleri, katk\u0131da bulunanlar\u0131, lisans verenleri, hizmet sa\u011flay\u0131c\u0131lar\u0131 veya ba\u011fl\u0131 kurulu\u015flar\u0131), platforma eri\u015fiminizden veya kullan\u0131m\u0131n\u0131zdan kaynaklanan do\u011frudan, dolayl\u0131, tesad\u00fcfi, sonu\u00e7sal, cezai veya \u00f6zel zararlardan hi\u00e7bir ko\u015fulda sorumlu tutulamaz. Bu, a\u015fa\u011f\u0131dakileri i\u00e7erir, ancak bunlarla s\u0131n\u0131rl\u0131 de\u011fildir:<\/p>\n<\/div><div class=\"mx-5 sm:mx-0 prose text-left mb-5\">\n<ul><div class=\"mx-5 sm:mx-0 prose text-left mb-5\">\n<li>Zaman, veri, f\u0131rsat veya \u00fcretkenlik kayb\u0131;<\/li>\n<\/div>\n\n<div class=\"mx-5 sm:mx-0 prose text-left mb-5\">\n<li>Kontrol\u00fcm\u00fcz d\u0131\u015f\u0131nda meydana gelen teknik aksakl\u0131klar veya eri\u015fim hatalar\u0131;<\/li>\n<\/div>\n\n<div class=\"mx-5 sm:mx-0 prose text-left mb-5\">\n<li>\u0130\u00e7eri\u011fe g\u00fcvenilmesinden kaynaklanan itibar, mali veya yasal sonu\u00e7lar;<\/li>\n<\/div>\n\n<div class=\"mx-5 sm:mx-0 prose text-left mb-5\">\n<li>Sunulan bilgilere dayanarak eylemlerin benimsenmesi, reddedilmesi veya de\u011fi\u015ftirilmesinden kaynaklanan maliyetler.<\/li>\n<\/div><\/ul>\n<\/div><div class=\"mx-5 sm:mx-0 prose leading-relaxed text-lg mb-5 text-left wp-paragraph\">\n<p>Bu s\u0131n\u0131rlamalar, ileri s\u00fcr\u00fclen hukuki teoriden ve Clarifyou&#039;nun bu t\u00fcr zararlar\u0131n olas\u0131l\u0131\u011f\u0131 konusunda bilgilendirilmi\u015f olup olmamas\u0131ndan ba\u011f\u0131ms\u0131z olarak ge\u00e7erlidir.<\/p>\n<\/div><div class=\"mx-5 sm:mx-0 prose leading-relaxed text-lg mb-5 text-left wp-paragraph\">\n<p>Bu platformu kullanmaya devam ederek, Clarifyou&#039;nun i\u00e7eri\u011finin veya \u00f6zelliklerinin kullan\u0131m\u0131ndan do\u011fan hi\u00e7bir karar, sonu\u00e7 veya yorumdan sorumlu olmad\u0131\u011f\u0131n\u0131 kabul ve beyan edersiniz.<\/p>\n<\/div><!--advertisement--><div class=\"mx-5 sm:mx-0 sm:text-3xl text-2xl font-medium title-font mb-4 text-gray-900 text-left\">\n<h2 class=\"wp-block-heading\">Madde VI \u2013 S\u00fcre ve Yasal Zaman \u00c7izelgesi<\/h2>\n<\/div><div class=\"mx-5 sm:mx-0 prose leading-relaxed text-lg mb-5 text-left wp-paragraph\">\n<p>Clarifyou Kullan\u0131m Ko\u015fullar\u0131&#039;nda belirtilen t\u00fcm h\u00fck\u00fcmler, kullan\u0131c\u0131n\u0131n platformla etkile\u015fiminin tamam\u0131 boyunca yasal olarak ba\u011flay\u0131c\u0131 ve tamamen uygulanabilir kalacakt\u0131r. Bu ko\u015fullar, eri\u015fim s\u0131kl\u0131\u011f\u0131, y\u00f6ntemi veya t\u00fcr\u00fcnden ba\u011f\u0131ms\u0131z olarak s\u00fcrekli olarak ge\u00e7erli olacak ve resmi bir bildirim veya \u015fu adreste bulunan yay\u0131nlanm\u0131\u015f bir revizyon yoluyla resmi olarak de\u011fi\u015ftirilmedi\u011fi, de\u011fi\u015ftirilmedi\u011fi veya geri \u00e7ekilmedi\u011fi s\u00fcrece y\u00fcr\u00fcrl\u00fckte kalacakt\u0131r. <a style=\" color:;\" href=\"https:\/\/clarifyou.com\/tr\/\">https:\/\/clarifyou.com\/<\/a>.&nbsp;&nbsp;&nbsp;&nbsp;&nbsp;<\/p>\n<\/div><div class=\"mx-5 sm:mx-0 prose leading-relaxed text-lg mb-5 text-left wp-paragraph\">\n<p>Clarifyou kullan\u0131m\u0131ndan kaynaklanan herhangi bir anla\u015fmazl\u0131k, endi\u015fe veya yasal talep olmas\u0131 durumunda (Gizlilik Politikas\u0131 ile ilgili konular dahil), kullan\u0131c\u0131lar sorunun ilk ortaya \u00e7\u0131kt\u0131\u011f\u0131 tarihten itibaren doksan (90) takvim g\u00fcn\u00fc i\u00e7inde resmi \u015fikayette bulunmal\u0131 veya yasal i\u015flem ba\u015flatmal\u0131d\u0131r. Bu s\u00fcreden sonra iletilen talepler ge\u00e7ersiz say\u0131labilir ve zaman\u0131nda yap\u0131lmad\u0131\u011f\u0131 i\u00e7in y\u00fcr\u00fcrl\u00fckteki yasalar uyar\u0131nca reddedilebilir.<\/p>\n<\/div><div class=\"mx-5 sm:mx-0 prose leading-relaxed text-lg mb-5 text-left wp-paragraph\">\n<p>Bu zamana\u015f\u0131m\u0131 s\u00fcresi, zaman\u0131nda \u00e7\u00f6z\u00fcm\u00fc te\u015fvik etmek ve uyu\u015fmazl\u0131klar\u0131n, olgular ve destekleyici deliller eri\u015filebilir, do\u011fru ve do\u011frulanabilir kal\u0131rken ele al\u0131nmas\u0131n\u0131 sa\u011flamak amac\u0131yla tasarlanm\u0131\u015ft\u0131r. H\u0131zl\u0131 raporlama, ilgili t\u00fcm taraflar i\u00e7in adil ve verimli bir s\u00fcreci destekler.<\/p>\n<\/div><!--advertisement--><div class=\"mx-5 sm:mx-0 sm:text-3xl text-2xl font-medium title-font mb-4 text-gray-900 text-left\">\n<h2 class=\"wp-block-heading\">Madde VII \u2013 Ge\u00e7erli Hukuk ve Yarg\u0131 Yetkisi<\/h2>\n<\/div><div class=\"mx-5 sm:mx-0 prose leading-relaxed text-lg mb-5 text-left wp-paragraph\">\n<p>Clarifyou Kullan\u0131m Ko\u015fullar\u0131 ve Gizlilik Politikas\u0131n\u0131n yorumlanmas\u0131, uygulanmas\u0131 ve s\u00fcrekli uygulanabilirli\u011fi, dijital platformlar, \u00e7evrimi\u00e7i hizmetler, t\u00fcketici haklar\u0131 ve veri korumas\u0131yla ilgili ge\u00e7erli federal ve eyalet yasalar\u0131na tabi olacakt\u0131r.<\/p>\n<\/div><div class=\"mx-5 sm:mx-0 prose leading-relaxed text-lg mb-5 text-left wp-paragraph\">\n<p>Kullan\u0131c\u0131n\u0131n Clarifyou ile etkile\u015fiminden kaynaklanan veya bununla ilgili her t\u00fcrl\u00fc anla\u015fmazl\u0131k, hukuki i\u015flem veya yarg\u0131lama, bu t\u00fcr konular\u0131 karara ba\u011flama yetkisine sahip yetkili mahkemelerin uygun yasal b\u00f6lge i\u00e7inde m\u00fcnhas\u0131r yarg\u0131 yetkisine tabi olacakt\u0131r.<\/p>\n<\/div><div class=\"mx-5 sm:mx-0 prose leading-relaxed text-lg mb-5 text-left wp-paragraph\">\n<p>Clarifyou&#039;yu kullanarak, her t\u00fcrl\u00fc yasal talebin bu yasal d\u00fczenlemelere uygun olarak \u00e7\u00f6z\u00fclmesine a\u00e7\u0131k\u00e7a onay vermi\u015f olursunuz. Ayr\u0131ca, t\u00fcm yarg\u0131 yetkisi konular\u0131n\u0131n, Amerika Birle\u015fik Devletleri&#039;nde faaliyet g\u00f6steren dijital hizmet sa\u011flay\u0131c\u0131lar\u0131 ve \u00e7evrimi\u00e7i bilgi platformlar\u0131 i\u00e7in ge\u00e7erli yasal \u00e7er\u00e7eve kapsam\u0131nda ele al\u0131naca\u011f\u0131n\u0131 kabul edersiniz.<\/p>\n<\/div><!--advertisement--><div class=\"mx-5 sm:mx-0 sm:text-3xl text-2xl font-medium title-font mb-4 text-gray-900 text-left\">\n<h2 class=\"wp-block-heading\">Madde VIII \u2013 Fikri M\u00fclkiyet ve \u0130\u00e7erik Sahipli\u011fi<\/h2>\n<\/div><div class=\"mx-5 sm:mx-0 prose leading-relaxed text-lg mb-5 text-left wp-paragraph\">\n<p><strong>8.1 \u0130\u00e7erik Sahipli\u011fi ve Haklar\u0131<\/strong><\/p>\n<\/div><div class=\"mx-5 sm:mx-0 prose leading-relaxed text-lg mb-5 text-left wp-paragraph\">\n<p>Clarifyou&#039;da yay\u0131nlanan t\u00fcm \u00f6zg\u00fcn materyaller (yaz\u0131l\u0131 i\u00e7erik, veri g\u00f6rselle\u015ftirmeleri, tasar\u0131m \u00f6\u011feleri, logolar, simgeler, ticari markalar, multimedya ve platform i\u015flevleri dahil ancak bunlarla s\u0131n\u0131rl\u0131 olmamak \u00fczere), ge\u00e7erli fikri m\u00fclkiyet yasalar\u0131 kapsam\u0131nda korunmaktad\u0131r. Bu materyaller, Clarifyou&#039;nun veya lisansl\u0131 kat\u0131l\u0131mc\u0131lar\u0131n\u0131n m\u00fcnhas\u0131r m\u00fclkiyetindedir. Platform i\u00e7eri\u011finin \u00f6nceden yaz\u0131l\u0131 izin al\u0131nmadan izinsiz \u00e7o\u011falt\u0131lmas\u0131, de\u011fi\u015ftirilmesi, \u00e7evrilmesi, da\u011f\u0131t\u0131lmas\u0131, kamuya a\u00e7\u0131klanmas\u0131 veya ba\u015fka \u015fekilde kullan\u0131lmas\u0131 kesinlikle yasakt\u0131r.<\/p>\n<\/div><div class=\"mx-5 sm:mx-0 prose leading-relaxed text-lg mb-5 text-left wp-paragraph\">\n<p><strong>8.2 Sorumlulu\u011fun S\u0131n\u0131rland\u0131r\u0131lmas\u0131<\/strong><\/p>\n<\/div><div class=\"mx-5 sm:mx-0 prose leading-relaxed text-lg mb-5 text-left wp-paragraph\">\n<p>Clarifyou, platformda g\u00f6r\u00fcnebilecek herhangi bir \u00fc\u00e7\u00fcnc\u00fc taraf veya kullan\u0131c\u0131 taraf\u0131ndan g\u00f6nderilen i\u00e7eri\u011fin do\u011frulu\u011fu, amac\u0131, yasall\u0131\u011f\u0131 veya etkisinden sorumlu de\u011fildir. Bu, harici ba\u011flant\u0131lar, g\u00f6m\u00fcl\u00fc medya, herkese a\u00e7\u0131k yorumlar veya \u00fc\u00e7\u00fcnc\u00fc taraf kaynaklara yap\u0131lan referanslar\u0131 i\u00e7erir. Kullan\u0131c\u0131lar bu t\u00fcr i\u00e7eriklerle kendi takdirlerine ba\u011fl\u0131 olarak etkile\u015fimde bulunur ve olas\u0131 sonu\u00e7lardan tamamen sorumludur. Clarifyou, orijinal olmayan veya \u00fc\u00e7\u00fcnc\u00fc taraf materyallerle etkile\u015fimden kaynaklanan do\u011frudan, dolayl\u0131, tesad\u00fcfi veya sonu\u00e7sal hasar, yanl\u0131\u015f bilgi veya kay\u0131plardan (ister do\u011frudan, ister dolayl\u0131, ister ar\u0131zi veya sonu\u00e7sal olsun) sorumlu de\u011fildir.<\/p>\n<\/div><div class=\"mx-5 sm:mx-0 prose leading-relaxed text-lg mb-5 text-left wp-paragraph\">\n<p><strong>8.3 \u0130\u00e7erik \u0130hlallerinin Ele Al\u0131nmas\u0131<\/strong><\/p>\n<\/div><div class=\"mx-5 sm:mx-0 prose leading-relaxed text-lg mb-5 text-left wp-paragraph\">\n<p>Clarifyou, platform \u015fartlar\u0131n\u0131, yasal gereklilikleri veya etik standartlar\u0131 ihlal eden herhangi bir i\u00e7eri\u011fi kendi takdirine ba\u011fl\u0131 olarak izleme, inceleme, kald\u0131rma veya k\u0131s\u0131tlama hakk\u0131n\u0131 sakl\u0131 tutar. Bu, yasa d\u0131\u015f\u0131, yan\u0131lt\u0131c\u0131, intihal i\u00e7eren, iftira niteli\u011finde, zararl\u0131 veya ba\u015fka bir \u015fekilde uygunsuz i\u00e7erikleri i\u00e7erir, ancak bunlarla s\u0131n\u0131rl\u0131 de\u011fildir. Yapt\u0131r\u0131m eylemleri aras\u0131nda i\u00e7eri\u011fin kald\u0131r\u0131lmas\u0131, kullan\u0131c\u0131 eri\u015fiminin ge\u00e7ici olarak ask\u0131ya al\u0131nmas\u0131 veya kal\u0131c\u0131 olarak k\u0131s\u0131tlanmas\u0131 yer alabilir. Tekrarlanan veya ciddi ihlaller s\u00f6z konusu oldu\u011funda, uygun durumlarda yasal makamlara bildirimde bulunulabilir.<\/p>\n<\/div><!--advertisement--><div class=\"mx-5 sm:mx-0 sm:text-3xl text-2xl font-medium title-font mb-4 text-gray-900 text-left\">\n<h2 class=\"wp-block-heading\">Madde IX \u2013 \u015eartlar ve Ko\u015fullarda De\u011fi\u015fiklikler<\/h2>\n<\/div><div class=\"mx-5 sm:mx-0 prose leading-relaxed text-lg mb-5 text-left wp-paragraph\">\n<p>Clarifyou, Kullan\u0131m Ko\u015fullar\u0131, Gizlilik Politikas\u0131 veya platform hizmetlerinin herhangi bir b\u00f6l\u00fcm\u00fcn\u00fc \u00f6nceden bildirimde bulunmaks\u0131z\u0131n, herhangi bir zamanda revize etme, de\u011fi\u015ftirme, g\u00fcncelleme veya durdurma hakk\u0131n\u0131 sakl\u0131 tutar. Bu t\u00fcr de\u011fi\u015fiklikler, yasal gereklilikler, operasyonel kararlar, hizmet i\u015flevselli\u011findeki de\u011fi\u015fiklikler veya platformdaki daha geni\u015f kapsaml\u0131 yap\u0131sal g\u00fcncellemelerden kaynaklanabilir.<\/p>\n<\/div><div class=\"mx-5 sm:mx-0 prose leading-relaxed text-lg mb-5 text-left wp-paragraph\">\n<p>Kullan\u0131c\u0131lar, de\u011fi\u015fikliklerden haberdar olmak i\u00e7in Kullan\u0131m Ko\u015fullar\u0131n\u0131 d\u00fczenli olarak incelemekle y\u00fck\u00fcml\u00fcd\u00fcr. Bu t\u00fcr de\u011fi\u015fiklikler yap\u0131ld\u0131ktan sonra platforma eri\u015fimin veya platformun kullan\u0131m\u0131n\u0131n devam etmesi, revize edilmi\u015f ko\u015fullar\u0131n a\u00e7\u0131k\u00e7a kabul edildi\u011fi anlam\u0131na gelir.<\/p>\n<\/div><div class=\"mx-5 sm:mx-0 prose leading-relaxed text-lg mb-5 text-left wp-paragraph\">\n<p>Clarifyou, de\u011fi\u015fikliklerden, \u00f6zellik kald\u0131rmalardan veya hizmetlerin k\u0131smen veya tamamen ask\u0131ya al\u0131nmas\u0131ndan kaynaklanan herhangi bir rahats\u0131zl\u0131ktan, veri kayb\u0131ndan, memnuniyetsizlikten veya hizmet kesintilerinden sorumlu tutulamaz.<\/p>\n<\/div><div class=\"mx-5 sm:mx-0 prose leading-relaxed text-lg mb-5 text-left wp-paragraph\">\n<p><strong>G\u00fcncellenen \u015eartlar\u0131 veya platformdaki herhangi bir de\u011fi\u015fikli\u011fi kabul etmiyorsan\u0131z, Clarifyou ve ilgili hizmetlerinin t\u00fcm kullan\u0131m\u0131n\u0131 derhal durdurmal\u0131s\u0131n\u0131z.<\/strong><\/p>\n<\/div><!--advertisement--><div class=\"mx-5 sm:mx-0 sm:text-3xl text-2xl font-medium title-font mb-4 text-gray-900 text-left\">\n<h2 class=\"wp-block-heading\">Madde X \u2013 \u0130leti\u015fim Bilgileri<\/h2>\n<\/div><div class=\"mx-5 sm:mx-0 prose leading-relaxed text-lg mb-5 text-left wp-paragraph\">\n<p>Bu \u015eartlar hakk\u0131nda sorular\u0131n\u0131z varsa, platformun herhangi bir y\u00f6n\u00fcyle ilgili yard\u0131ma ihtiyac\u0131n\u0131z varsa veya Clarifyou hakk\u0131nda genel geri bildirim payla\u015fmak istiyorsan\u0131z, resmi sayfam\u0131z arac\u0131l\u0131\u011f\u0131yla bizimle ileti\u015fime ge\u00e7meniz \u00f6nerilir: <a style=\" color:;\" href=\"https:\/\/clarifyou.com\/tr\/contact\/\">https:\/\/clarifyou.com\/contact<\/a>.&nbsp;&nbsp;<\/p>\n<\/div><div class=\"mx-5 sm:mx-0 prose leading-relaxed text-lg mb-5 text-left wp-paragraph\">\n<p>Sorular\u0131n\u0131z\u0131, destek taleplerinizi, teknik sorun raporlar\u0131n\u0131z\u0131 ve yap\u0131c\u0131 \u00f6nerilerinizi memnuniyetle kar\u015f\u0131l\u0131yoruz. T\u00fcm mesajlara zaman\u0131nda ve sayg\u0131l\u0131 bir \u015fekilde yan\u0131t vermeye \u00e7al\u0131\u015fsak da, yan\u0131t s\u00fcreleri sorunun hacmine ve karma\u015f\u0131kl\u0131\u011f\u0131na ba\u011fl\u0131 olarak de\u011fi\u015fiklik g\u00f6sterebilir.<\/p>\n<\/div><div class=\"mx-5 sm:mx-0 prose leading-relaxed text-lg mb-5 text-left wp-paragraph\">\n<p>RubikTech O\u00dc<\/p>\n<\/div><div class=\"mx-5 sm:mx-0 prose leading-relaxed text-lg mb-5 text-left wp-paragraph\">\n<p>Sicil Kodu: 16826788<\/p>\n<\/div><div class=\"mx-5 sm:mx-0 prose leading-relaxed text-lg mb-5 text-left wp-paragraph\">\n<p>Tallinn, Sepapaja 6, 15551<\/p>\n<\/div><div class=\"mx-5 sm:mx-0 prose leading-relaxed text-lg mb-5 text-left wp-paragraph\">\n<p>Harju, Estonya.<\/p>\n<\/div><div class=\"mx-5 sm:mx-0 prose leading-relaxed text-lg mb-5 text-left wp-paragraph\">\n<p><\/p>\n<\/div><div class=\"mx-5 sm:mx-0 prose leading-relaxed text-lg mb-5 text-left wp-paragraph\">\n<p><\/p>\n<\/div><div class=\"mx-5 sm:mx-0 prose leading-relaxed text-lg mb-5 text-left wp-paragraph\">\n<p><\/p>\n<\/div>","protected":false},"excerpt":{"rendered":"<p>12 Kas\u0131m 2025 tarihinde g\u00fcncellendi. Clarifyou, https:\/\/clarifyou.com\/ adresinde bulunan \u00e7evrimi\u00e7i platformu i\u015fletmektedir ve sigorta bilgileri, teminat t\u00fcrleri, poli\u00e7e kar\u015f\u0131la\u015ft\u0131rmalar\u0131 ve pratik finansal rehberlik konular\u0131na odaklanan ba\u011f\u0131ms\u0131z olarak yaz\u0131lm\u0131\u015f ve ara\u015ft\u0131rmaya dayal\u0131 i\u00e7erik sunmaktad\u0131r. Makalelerimiz, okuyucular\u0131n karma\u015f\u0131k sigorta ortam\u0131nda net bir \u015fekilde yol almalar\u0131na yard\u0131mc\u0131 olmak \u00fczere tasarlanm\u0131\u015ft\u0131r ve sa\u011fl\u0131k, otomobil, hayat, ev ve seyahat gibi konular\u0131 kapsamaktad\u0131r\u2026 <a class=\"more-link\" href=\"https:\/\/clarifyou.com\/tr\/terms\/\">Okumaya devam et <span class=\"screen-reader-text\">ClarifYou Web Sitesi Kullan\u0131m \u015eartlar\u0131<\/span><\/a><\/p>","protected":false},"author":3,"featured_media":0,"parent":0,"menu_order":0,"comment_status":"closed","ping_status":"closed","template":"","meta":{"footnotes":""},"yoast_head":"<!-- This site is optimized with the Yoast SEO Premium plugin v18.7 (Yoast SEO v19.1) - https:\/\/yoast.com\/wordpress\/plugins\/seo\/ -->\n<title>ClarifYou Website Terms of Use - Clarif You<\/title>\n<meta name=\"robots\" content=\"index, follow, max-snippet:-1, max-image-preview:large, max-video-preview:-1\" \/>\n<link rel=\"canonical\" href=\"https:\/\/clarifyou.com\/tr\/terms\/\" \/>\n<meta property=\"og:locale\" content=\"tr_TR\" \/>\n<meta property=\"og:type\" content=\"article\" \/>\n<meta property=\"og:title\" content=\"ClarifYou Website Terms of Use\" \/>\n<meta property=\"og:description\" content=\"Updated on November 12, 2025. Clarifyou operates the online platform available at https:\/\/clarifyou.com\/, offering independently written and research-based content focused on insurance information, coverage types, policy comparisons, and practical financial guidance. Our articles are designed to help readers navigate the complex insurance landscape with clarity, covering topics such as health, auto, life, home, and travel&hellip; Continue reading ClarifYou Website Terms of Use\" \/>\n<meta property=\"og:url\" content=\"https:\/\/clarifyou.com\/tr\/terms\/\" \/>\n<meta property=\"og:site_name\" content=\"Clarif You\" \/>\n<meta property=\"article:modified_time\" content=\"2025-11-12T18:06:46+00:00\" \/>\n<meta name=\"twitter:card\" content=\"summary_large_image\" \/>\n<meta name=\"twitter:label1\" content=\"Est. reading time\" \/>\n\t<meta name=\"twitter:data1\" content=\"16 dakika\" \/>\n<script type=\"application\/ld+json\" class=\"yoast-schema-graph\">{\"@context\":\"https:\/\/schema.org\",\"@graph\":[{\"@type\":\"WebSite\",\"@id\":\"https:\/\/clarifyou.com\/#website\",\"url\":\"https:\/\/clarifyou.com\/\",\"name\":\"Clarif You\",\"description\":\"\",\"potentialAction\":[{\"@type\":\"SearchAction\",\"target\":{\"@type\":\"EntryPoint\",\"urlTemplate\":\"https:\/\/clarifyou.com\/?s={search_term_string}\"},\"query-input\":\"required name=search_term_string\"}],\"inLanguage\":\"tr\"},{\"@type\":\"WebPage\",\"@id\":\"https:\/\/clarifyou.com\/terms\/#webpage\",\"url\":\"https:\/\/clarifyou.com\/terms\/\",\"name\":\"ClarifYou Website Terms of Use - Clarif You\",\"isPartOf\":{\"@id\":\"https:\/\/clarifyou.com\/#website\"},\"datePublished\":\"2024-02-06T14:57:59+00:00\",\"dateModified\":\"2025-11-12T18:06:46+00:00\",\"breadcrumb\":{\"@id\":\"https:\/\/clarifyou.com\/terms\/#breadcrumb\"},\"inLanguage\":\"tr\",\"potentialAction\":[{\"@type\":\"ReadAction\",\"target\":[\"https:\/\/clarifyou.com\/terms\/\"]}]},{\"@type\":\"BreadcrumbList\",\"@id\":\"https:\/\/clarifyou.com\/terms\/#breadcrumb\",\"itemListElement\":[{\"@type\":\"ListItem\",\"position\":1,\"name\":\"Home\",\"item\":\"https:\/\/clarifyou.com\/\"},{\"@type\":\"ListItem\",\"position\":2,\"name\":\"ClarifYou Website Terms of Use\"}]}]}<\/script>\n<!-- \/ Yoast SEO Premium plugin. -->","yoast_head_json":{"title":"ClarifYou Website Terms of Use - Clarif You","robots":{"index":"index","follow":"follow","max-snippet":"max-snippet:-1","max-image-preview":"max-image-preview:large","max-video-preview":"max-video-preview:-1"},"canonical":"https:\/\/clarifyou.com\/tr\/terms\/","og_locale":"tr_TR","og_type":"article","og_title":"ClarifYou Website Terms of Use","og_description":"Updated on November 12, 2025. Clarifyou operates the online platform available at https:\/\/clarifyou.com\/, offering independently written and research-based content focused on insurance information, coverage types, policy comparisons, and practical financial guidance. Our articles are designed to help readers navigate the complex insurance landscape with clarity, covering topics such as health, auto, life, home, and travel&hellip; Continue reading ClarifYou Website Terms of Use","og_url":"https:\/\/clarifyou.com\/tr\/terms\/","og_site_name":"Clarif You","article_modified_time":"2025-11-12T18:06:46+00:00","twitter_card":"summary_large_image","twitter_misc":{"Est. reading time":"16 dakika"},"schema":{"@context":"https:\/\/schema.org","@graph":[{"@type":"WebSite","@id":"https:\/\/clarifyou.com\/#website","url":"https:\/\/clarifyou.com\/","name":"Clarif You","description":"","potentialAction":[{"@type":"SearchAction","target":{"@type":"EntryPoint","urlTemplate":"https:\/\/clarifyou.com\/?s={search_term_string}"},"query-input":"required name=search_term_string"}],"inLanguage":"tr"},{"@type":"WebPage","@id":"https:\/\/clarifyou.com\/terms\/#webpage","url":"https:\/\/clarifyou.com\/terms\/","name":"ClarifYou Website Terms of Use - Clarif You","isPartOf":{"@id":"https:\/\/clarifyou.com\/#website"},"datePublished":"2024-02-06T14:57:59+00:00","dateModified":"2025-11-12T18:06:46+00:00","breadcrumb":{"@id":"https:\/\/clarifyou.com\/terms\/#breadcrumb"},"inLanguage":"tr","potentialAction":[{"@type":"ReadAction","target":["https:\/\/clarifyou.com\/terms\/"]}]},{"@type":"BreadcrumbList","@id":"https:\/\/clarifyou.com\/terms\/#breadcrumb","itemListElement":[{"@type":"ListItem","position":1,"name":"Home","item":"https:\/\/clarifyou.com\/"},{"@type":"ListItem","position":2,"name":"ClarifYou Website Terms of Use"}]}]}},"_links":{"self":[{"href":"https:\/\/clarifyou.com\/tr\/wp-json\/wp\/v2\/pages\/246"}],"collection":[{"href":"https:\/\/clarifyou.com\/tr\/wp-json\/wp\/v2\/pages"}],"about":[{"href":"https:\/\/clarifyou.com\/tr\/wp-json\/wp\/v2\/types\/page"}],"author":[{"embeddable":true,"href":"https:\/\/clarifyou.com\/tr\/wp-json\/wp\/v2\/users\/3"}],"replies":[{"embeddable":true,"href":"https:\/\/clarifyou.com\/tr\/wp-json\/wp\/v2\/comments?post=246"}],"version-history":[{"count":0,"href":"https:\/\/clarifyou.com\/tr\/wp-json\/wp\/v2\/pages\/246\/revisions"}],"wp:attachment":[{"href":"https:\/\/clarifyou.com\/tr\/wp-json\/wp\/v2\/media?parent=246"}],"curies":[{"name":"wp","href":"https:\/\/api.w.org\/{rel}","templated":true}]}}